{"id":27125,"date":"2023-11-15T16:43:37","date_gmt":"2023-11-15T15:43:37","guid":{"rendered":"https:\/\/frankfurt.bdue-hessen.de\/offre-linguistique-en-francais\/"},"modified":"2024-03-14T15:57:41","modified_gmt":"2024-03-14T14:57:41","slug":"offre-linguistique-en-francais","status":"publish","type":"page","link":"https:\/\/frankfurt.bdue-hessen.de\/fr\/offre-linguistique-en-francais\/","title":{"rendered":"Fran\u00e7ais"},"content":{"rendered":"<p>[et_pb_section fb_built=\u00a0\u00bb1&Prime; custom_padding_last_edited=\u00a0\u00bbon|desktop\u00a0\u00bb _builder_version=\u00a0\u00bb4.16&Prime; background_enable_color=\u00a0\u00bboff\u00a0\u00bb width=\u00a0\u00bb100%\u00a0\u00bb max_width=\u00a0\u00bb100%\u00a0\u00bb custom_margin=\u00a0\u00bb||0px||false|false\u00a0\u00bb custom_margin_tablet=\u00a0\u00bb0px|0px|0px|0px|false|false\u00a0\u00bb custom_margin_phone=\u00a0\u00bb\u00a0\u00bb custom_margin_last_edited=\u00a0\u00bbon|desktop\u00a0\u00bb custom_padding=\u00a0\u00bb0px|0px|0px|0px|false|false\u00a0\u00bb custom_padding_tablet=\u00a0\u00bb\u00a0\u00bb custom_padding_phone=\u00a0\u00bb\u00a0\u00bb background_last_edited=\u00a0\u00bbon|tablet\u00a0\u00bb background_enable_color_tablet=\u00a0\u00bboff\u00a0\u00bb border_width_top=\u00a0\u00bb0px\u00a0\u00bb border_color_top=\u00a0\u00bb#edeff0&Prime; border_width_bottom=\u00a0\u00bb1px\u00a0\u00bb border_color_bottom=\u00a0\u00bbRGBA(0,0,0,0)\u00a0\u00bb saved_tabs=\u00a0\u00bball\u00a0\u00bb global_colors_info=\u00a0\u00bb{}\u00a0\u00bb][et_pb_row custom_padding_last_edited=\u00a0\u00bboff|desktop\u00a0\u00bb module_class=\u00a0\u00bbsuche-sprachwahl\u00a0\u00bb _builder_version=\u00a0\u00bb4.20.2&Prime; background_enable_color=\u00a0\u00bboff\u00a0\u00bb background_enable_image=\u00a0\u00bboff\u00a0\u00bb background_size=\u00a0\u00bbinitial\u00a0\u00bb background_position=\u00a0\u00bbbottom_center\u00a0\u00bb background_repeat=\u00a0\u00bbrepeat-x\u00a0\u00bb width=\u00a0\u00bb100%\u00a0\u00bb custom_margin=\u00a0\u00bb||0px||false|true\u00a0\u00bb custom_margin_tablet=\u00a0\u00bb\u00a0\u00bb custom_margin_phone=\u00a0\u00bb|0px||0px|false|true\u00a0\u00bb custom_margin_last_edited=\u00a0\u00bbon|phone\u00a0\u00bb custom_padding=\u00a0\u00bb0px|0px|0px|0px|false|true\u00a0\u00bb custom_padding_tablet=\u00a0\u00bb||0px||false|true\u00a0\u00bb background_last_edited=\u00a0\u00bbon|tablet\u00a0\u00bb background_enable_color_tablet=\u00a0\u00bboff\u00a0\u00bb border_width_top=\u00a0\u00bb0px\u00a0\u00bb border_color_top=\u00a0\u00bb#edeff0&Prime; border_color_bottom=\u00a0\u00bb#c4c7c9&Prime; global_module=\u00a0\u00bb24791&Prime; saved_tabs=\u00a0\u00bball\u00a0\u00bb global_colors_info=\u00a0\u00bb{}\u00a0\u00bb][et_pb_column type=\u00a0\u00bb4_4&Prime; _builder_version=\u00a0\u00bb4.16&Prime; background_color=\u00a0\u00bbrgba(0,0,0,0)\u00a0\u00bb custom_padding=\u00a0\u00bb||0px||false|false\u00a0\u00bb custom_padding_tablet=\u00a0\u00bb0px||||false|false\u00a0\u00bb custom_padding_phone=\u00a0\u00bb|||25px|false|false\u00a0\u00bb custom_padding_last_edited=\u00a0\u00bbon|tablet\u00a0\u00bb global_colors_info=\u00a0\u00bb{}\u00a0\u00bb][et_pb_sidebar orientation=\u00a0\u00bbright\u00a0\u00bb area=\u00a0\u00bbet_pb_widget_area_10&Prime; show_border=\u00a0\u00bboff\u00a0\u00bb admin_label=\u00a0\u00bbSprachwahl\u00a0\u00bb module_class=\u00a0\u00bbbtn-sprachen\u00a0\u00bb _builder_version=\u00a0\u00bb4.20.2&Prime; _module_preset=\u00a0\u00bbdefault\u00a0\u00bb header_text_align=\u00a0\u00bbright\u00a0\u00bb body_text_align=\u00a0\u00bbright\u00a0\u00bb background_enable_color=\u00a0\u00bboff\u00a0\u00bb position_origin_a=\u00a0\u00bbtop_right\u00a0\u00bb position_origin_r=\u00a0\u00bbtop_right\u00a0\u00bb horizontal_offset_tablet=\u00a0\u00bb\u00a0\u00bb horizontal_offset_phone=\u00a0\u00bb\u00a0\u00bb horizontal_offset_last_edited=\u00a0\u00bbon|tablet\u00a0\u00bb position_origin_a_tablet=\u00a0\u00bb\u00a0\u00bb position_origin_a_phone=\u00a0\u00bb\u00a0\u00bb position_origin_a_last_edited=\u00a0\u00bbon|tablet\u00a0\u00bb position_origin_f_tablet=\u00a0\u00bb\u00a0\u00bb position_origin_f_phone=\u00a0\u00bb\u00a0\u00bb position_origin_f_last_edited=\u00a0\u00bbon|tablet\u00a0\u00bb position_origin_r_tablet=\u00a0\u00bb\u00a0\u00bb position_origin_r_phone=\u00a0\u00bb\u00a0\u00bb position_origin_r_last_edited=\u00a0\u00bbon|tablet\u00a0\u00bb text_orientation=\u00a0\u00bbright\u00a0\u00bb min_height=\u00a0\u00bb40px\u00a0\u00bb height=\u00a0\u00bb40px\u00a0\u00bb custom_margin=\u00a0\u00bb||||false|false\u00a0\u00bb custom_margin_tablet=\u00a0\u00bb0px|0px|||false|false\u00a0\u00bb custom_margin_phone=\u00a0\u00bb|0px|||false|false\u00a0\u00bb custom_margin_last_edited=\u00a0\u00bbon|tablet\u00a0\u00bb custom_padding=\u00a0\u00bb|0px||0px|false|true\u00a0\u00bb custom_padding_tablet=\u00a0\u00bb|30px|||false|false\u00a0\u00bb custom_padding_phone=\u00a0\u00bb0px|10px|||false|false\u00a0\u00bb custom_padding_last_edited=\u00a0\u00bbon|tablet\u00a0\u00bb background_last_edited=\u00a0\u00bbon|tablet\u00a0\u00bb background_enable_color_tablet=\u00a0\u00bboff\u00a0\u00bb positioning_tablet=\u00a0\u00bbabsolute\u00a0\u00bb positioning_phone=\u00a0\u00bb\u00a0\u00bb positioning_last_edited=\u00a0\u00bbon|tablet\u00a0\u00bb module_alignment_tablet=\u00a0\u00bbright\u00a0\u00bb module_alignment_phone=\u00a0\u00bb\u00a0\u00bb module_alignment_last_edited=\u00a0\u00bbon|phone\u00a0\u00bb custom_css_main_element=\u00a0\u00bb||\u00a0\u00bb custom_css_widget=\u00a0\u00bbwidth:100% !important;\u00a0\u00bb global_colors_info=\u00a0\u00bb{}\u00a0\u00bb][\/et_pb_sidebar][et_pb_search placeholder=\u00a0\u00bb| Saisir un terme de recherche\u00a0\u00bb placeholder_color=\u00a0\u00bb#999999&Prime; disabled_on=\u00a0\u00bbon|on|off\u00a0\u00bb admin_label=\u00a0\u00bbSuche PC\u00a0\u00bb module_class=\u00a0\u00bbsuche\u00a0\u00bb _builder_version=\u00a0\u00bb4.20.2&Prime; _module_preset=\u00a0\u00bbdefault\u00a0\u00bb form_field_background_color=\u00a0\u00bbRGBA(0,0,0,0)\u00a0\u00bb form_field_focus_background_color=\u00a0\u00bbRGBA(0,0,0,0)\u00a0\u00bb button_font_size=\u00a0\u00bb0px\u00a0\u00bb background_enable_color=\u00a0\u00bboff\u00a0\u00bb position_origin_r=\u00a0\u00bbtop_right\u00a0\u00bb z_index=\u00a0\u00bb2&Prime; width=\u00a0\u00bb100%\u00a0\u00bb width_tablet=\u00a0\u00bb\u00a0\u00bb width_phone=\u00a0\u00bb70%\u00a0\u00bb width_last_edited=\u00a0\u00bbon|phone\u00a0\u00bb custom_margin=\u00a0\u00bb11px|||0px|false|false\u00a0\u00bb custom_margin_tablet=\u00a0\u00bb50px|55%|0px|0px|false|false\u00a0\u00bb custom_margin_phone=\u00a0\u00bb50px|0%||0px|false|false\u00a0\u00bb custom_margin_last_edited=\u00a0\u00bbon|phone\u00a0\u00bb custom_padding=\u00a0\u00bb1em|0em|1em|0em|false|false\u00a0\u00bb border_width_all=\u00a0\u00bb0px\u00a0\u00bb border_color_bottom=\u00a0\u00bb#eaeaea\u00a0\u00bb border_color_left=\u00a0\u00bb#eaeaea\u00a0\u00bb global_colors_info=\u00a0\u00bb{}\u00a0\u00bb][\/et_pb_search][\/et_pb_column][\/et_pb_row][et_pb_row column_structure=\u00a0\u00bb1_4,3_4&Prime; use_custom_gutter=\u00a0\u00bbon\u00a0\u00bb gutter_width=\u00a0\u00bb2&Prime; custom_padding_last_edited=\u00a0\u00bbon|tablet\u00a0\u00bb _builder_version=\u00a0\u00bb4.16&Prime; background_enable_color=\u00a0\u00bboff\u00a0\u00bb background_enable_image=\u00a0\u00bboff\u00a0\u00bb background_size=\u00a0\u00bbinitial\u00a0\u00bb background_position=\u00a0\u00bbbottom_center\u00a0\u00bb background_repeat=\u00a0\u00bbrepeat-x\u00a0\u00bb width=\u00a0\u00bb100%\u00a0\u00bb custom_margin=\u00a0\u00bb0px||0px||false|true\u00a0\u00bb custom_margin_tablet=\u00a0\u00bb||||false|true\u00a0\u00bb custom_margin_phone=\u00a0\u00bb0px|0px|0px|0px|false|true\u00a0\u00bb custom_margin_last_edited=\u00a0\u00bbon|tablet\u00a0\u00bb custom_padding=\u00a0\u00bb0px|0px|0px|0px|false|true\u00a0\u00bb custom_padding_tablet=\u00a0\u00bb40px||0px||false|true\u00a0\u00bb custom_padding_phone=\u00a0\u00bb30px||||false|true\u00a0\u00bb background_last_edited=\u00a0\u00bbon|tablet\u00a0\u00bb background_enable_color_tablet=\u00a0\u00bboff\u00a0\u00bb border_width_top=\u00a0\u00bb0px\u00a0\u00bb border_color_top=\u00a0\u00bb#edeff0&Prime; border_color_bottom=\u00a0\u00bb#c4c7c9&Prime; global_colors_info=\u00a0\u00bb{}\u00a0\u00bb][et_pb_column type=\u00a0\u00bb1_4&Prime; _builder_version=\u00a0\u00bb4.16&Prime; background_color=\u00a0\u00bbrgba(0,0,0,0)\u00a0\u00bb custom_padding=\u00a0\u00bb||0px||false|false\u00a0\u00bb custom_padding_tablet=\u00a0\u00bb||||false|false\u00a0\u00bb custom_padding_phone=\u00a0\u00bb|||25px|false|false\u00a0\u00bb custom_padding_last_edited=\u00a0\u00bbon|tablet\u00a0\u00bb global_colors_info=\u00a0\u00bb{}\u00a0\u00bb][et_pb_image src=\u00a0\u00bbhttps:\/\/frankfurt.bdue-hessen.de\/wp-content\/uploads\/sites\/3\/2021\/05\/bdue_logo_he_frankfurt_text_re_co_pos_rgb.png\u00a0\u00bb alt=\u00a0\u00bbLogo BD\u00dc Hessen, Groupe r\u00e9gional de Francfort\u00a0\u00bb title_text=\u00a0\u00bbPage d\u2019accueil\u00a0\u00bb url=\u00a0\u00bbhttps:\/\/frankfurt.bdue-hessen.de\/fr\/\u00a0\u00bb admin_label=\u00a0\u00bbLogo\u00a0\u00bb module_class=\u00a0\u00bblogo\u00a0\u00bb _builder_version=\u00a0\u00bb4.16&Prime; background_color=\u00a0\u00bbRGBA(0,0,0,0)\u00a0\u00bb width_tablet=\u00a0\u00bb\u00a0\u00bb width_phone=\u00a0\u00bb100%\u00a0\u00bb width_last_edited=\u00a0\u00bbon|phone\u00a0\u00bb module_alignment=\u00a0\u00bbleft\u00a0\u00bb custom_margin=\u00a0\u00bb|0px|0px|0px|false|false\u00a0\u00bb custom_margin_tablet=\u00a0\u00bb-15px|||0px|false|false\u00a0\u00bb custom_margin_phone=\u00a0\u00bb0px|0px|0px||false|false\u00a0\u00bb custom_margin_last_edited=\u00a0\u00bbon|phone\u00a0\u00bb custom_padding=\u00a0\u00bb20px|0px|0px|0px|false|false\u00a0\u00bb custom_padding_tablet=\u00a0\u00bb||||false|false\u00a0\u00bb custom_padding_phone=\u00a0\u00bb40px||0px||false|false\u00a0\u00bb custom_padding_last_edited=\u00a0\u00bbon|phone\u00a0\u00bb global_colors_info=\u00a0\u00bb{}\u00a0\u00bb][\/et_pb_image][\/et_pb_column][et_pb_column type=\u00a0\u00bb3_4&Prime; _builder_version=\u00a0\u00bb4.16&Prime; custom_padding=\u00a0\u00bb0px|0px|0px|0px|false|true\u00a0\u00bb border_width_top=\u00a0\u00bb1px\u00a0\u00bb border_color_top=\u00a0\u00bb#eaeaea\u00a0\u00bb border_width_top_tablet=\u00a0\u00bb0px\u00a0\u00bb border_width_top_phone=\u00a0\u00bb\u00a0\u00bb border_width_top_last_edited=\u00a0\u00bbon|phone\u00a0\u00bb global_colors_info=\u00a0\u00bb{}\u00a0\u00bb][et_pb_image src=\u00a0\u00bbhttps:\/\/frankfurt.bdue-hessen.de\/wp-content\/uploads\/sites\/3\/2022\/10\/bdue-he-header-rg-frankfurt_2560x459.png\u00a0\u00bb alt=\u00a0\u00bbSilhouette urbaine de Francfort-sur-le-Main \u2022 BD\u00dc, Groupe r\u00e9gional de Francfort\u00a0\u00bb title_text=\u00a0\u00bbSilhouette urbaine de Francfort-sur-le-Main\u00a0\u00bb force_fullwidth=\u00a0\u00bbon\u00a0\u00bb disabled_on=\u00a0\u00bboff|off|off\u00a0\u00bb admin_label=\u00a0\u00bbSkyline\u00a0\u00bb _builder_version=\u00a0\u00bb4.16&Prime; background_enable_color=\u00a0\u00bboff\u00a0\u00bb max_width_tablet=\u00a0\u00bb100%\u00a0\u00bb max_width_phone=\u00a0\u00bb\u00a0\u00bb max_width_last_edited=\u00a0\u00bbon|tablet\u00a0\u00bb custom_margin=\u00a0\u00bb0px||-1px||false|false\u00a0\u00bb custom_margin_tablet=\u00a0\u00bb-20px|0px||0px|false|false\u00a0\u00bb custom_margin_phone=\u00a0\u00bb25px||-1px|0px|false|false\u00a0\u00bb custom_margin_last_edited=\u00a0\u00bbon|desktop\u00a0\u00bb custom_padding=\u00a0\u00bb0px|0px|0px|0px|false|false\u00a0\u00bb border_color_bottom=\u00a0\u00bb#438ccb\u00a0\u00bb border_width_all_tablet=\u00a0\u00bb\u00a0\u00bb border_width_all_phone=\u00a0\u00bb\u00a0\u00bb border_width_all_last_edited=\u00a0\u00bbon|tablet\u00a0\u00bb border_width_top_tablet=\u00a0\u00bb0px\u00a0\u00bb border_width_top_phone=\u00a0\u00bb\u00a0\u00bb border_width_top_last_edited=\u00a0\u00bbon|phone\u00a0\u00bb global_colors_info=\u00a0\u00bb{}\u00a0\u00bb][\/et_pb_image][\/et_pb_column][\/et_pb_row][\/et_pb_section][et_pb_section fb_built=\u00a0\u00bb1&Prime; fullwidth=\u00a0\u00bbon\u00a0\u00bb custom_padding_last_edited=\u00a0\u00bbon|desktop\u00a0\u00bb _builder_version=\u00a0\u00bb4.16&Prime; _module_preset=\u00a0\u00bbdefault\u00a0\u00bb custom_margin=\u00a0\u00bb||||false|false\u00a0\u00bb custom_margin_tablet=\u00a0\u00bb0px||0px||false|true\u00a0\u00bb custom_margin_phone=\u00a0\u00bb0px||||false|false\u00a0\u00bb custom_margin_last_edited=\u00a0\u00bbon|tablet\u00a0\u00bb custom_padding=\u00a0\u00bb0px|0px|0px|0px|false|true\u00a0\u00bb custom_padding_tablet=\u00a0\u00bb\u00a0\u00bb custom_padding_phone=\u00a0\u00bb||0px||false|false\u00a0\u00bb border_width_top=\u00a0\u00bb1px\u00a0\u00bb border_color_top=\u00a0\u00bb#005eb8&Prime; saved_tabs=\u00a0\u00bball\u00a0\u00bb global_colors_info=\u00a0\u00bb{}\u00a0\u00bb][et_pb_fullwidth_menu menu_id=\u00a0\u00bb8&Prime; menu_style=\u00a0\u00bbcentered\u00a0\u00bb fullwidth_menu=\u00a0\u00bboff\u00a0\u00bb module_class=\u00a0\u00bbhauptmenu\u00a0\u00bb _builder_version=\u00a0\u00bb4.16&Prime; _module_preset=\u00a0\u00bbdefault\u00a0\u00bb menu_font_size=\u00a0\u00bb16px\u00a0\u00bb background_color=\u00a0\u00bb#edeff0&Prime; height=\u00a0\u00bb35px\u00a0\u00bb custom_margin=\u00a0\u00bb||||false|false\u00a0\u00bb custom_padding=\u00a0\u00bb0px||||false|false\u00a0\u00bb global_colors_info=\u00a0\u00bb{}\u00a0\u00bb][\/et_pb_fullwidth_menu][\/et_pb_section][et_pb_section fb_built=\u00a0\u00bb1&Prime; make_equal=\u00a0\u00bbon\u00a0\u00bb use_custom_gutter=\u00a0\u00bbon\u00a0\u00bb gutter_width=\u00a0\u00bb2&Prime; specialty=\u00a0\u00bbon\u00a0\u00bb padding_2_tablet=\u00a0\u00bb\u00a0\u00bb padding_2_phone=\u00a0\u00bb||||false|false\u00a0\u00bb padding_2_last_edited=\u00a0\u00bbon|phone\u00a0\u00bb module_class=\u00a0\u00bbspecialsection-person\u00a0\u00bb _builder_version=\u00a0\u00bb4.16&Prime; _module_preset=\u00a0\u00bbdefault\u00a0\u00bb background_color=\u00a0\u00bbRGBA(0,0,0,0)\u00a0\u00bb custom_margin=\u00a0\u00bb0px||||false|false\u00a0\u00bb custom_padding=\u00a0\u00bb0px||100px||false|false\u00a0\u00bb global_colors_info=\u00a0\u00bb{}\u00a0\u00bb][et_pb_column type=\u00a0\u00bb1_4&Prime; _builder_version=\u00a0\u00bb4.16&Prime; custom_padding=\u00a0\u00bb|||\u00a0\u00bb global_colors_info=\u00a0\u00bb{}\u00a0\u00bb custom_padding__hover=\u00a0\u00bb|||\u00a0\u00bb][et_pb_sidebar area=\u00a0\u00bbet_pb_widget_area_8&Prime; admin_label=\u00a0\u00bbNav Sprachen\u00a0\u00bb module_class=\u00a0\u00bbmenuleft\u00a0\u00bb _builder_version=\u00a0\u00bb4.23.1&Prime; header_text_align=\u00a0\u00bbcenter\u00a0\u00bb header_text_color=\u00a0\u00bb#FFFFFF\u00a0\u00bb header_font_size=\u00a0\u00bb16px\u00a0\u00bb body_font_size=\u00a0\u00bb16px\u00a0\u00bb width=\u00a0\u00bb100%\u00a0\u00bb custom_margin=\u00a0\u00bb|0px|0px|0px|false|true\u00a0\u00bb custom_margin_tablet=\u00a0\u00bb|0px||0px|false|true\u00a0\u00bb custom_margin_phone=\u00a0\u00bb\u00a0\u00bb custom_margin_last_edited=\u00a0\u00bbon|tablet\u00a0\u00bb custom_padding=\u00a0\u00bb|0px|11px|0px|false|false\u00a0\u00bb custom_padding_tablet=\u00a0\u00bb|0px||0px|false|true\u00a0\u00bb custom_padding_phone=\u00a0\u00bb\u00a0\u00bb custom_padding_last_edited=\u00a0\u00bbon|tablet\u00a0\u00bb header_text_color_tablet=\u00a0\u00bb\u00a0\u00bb header_text_color_phone=\u00a0\u00bb#FFFFFF\u00a0\u00bb header_text_color_last_edited=\u00a0\u00bbon|phone\u00a0\u00bb header_font_size_tablet=\u00a0\u00bb\u00a0\u00bb header_font_size_phone=\u00a0\u00bb15px\u00a0\u00bb header_font_size_last_edited=\u00a0\u00bbon|phone\u00a0\u00bb border_color_right=\u00a0\u00bbRGBA(0,0,0,0)\u00a0\u00bb saved_tabs=\u00a0\u00bball\u00a0\u00bb global_colors_info=\u00a0\u00bb{}\u00a0\u00bb][\/et_pb_sidebar][et_pb_search placeholder=\u00a0\u00bb| Saisir un terme de recherche\u00a0\u00bb placeholder_color=\u00a0\u00bb#999999&Prime; disabled_on=\u00a0\u00bbon|on|on\u00a0\u00bb admin_label=\u00a0\u00bbSuche PC\u00a0\u00bb module_class=\u00a0\u00bbsearchfield\u00a0\u00bb _builder_version=\u00a0\u00bb4.16&Prime; _module_preset=\u00a0\u00bbdefault\u00a0\u00bb form_field_background_color=\u00a0\u00bb#FFFFFF\u00a0\u00bb form_field_focus_background_color=\u00a0\u00bb#FFFFFF\u00a0\u00bb button_font_size=\u00a0\u00bb0px\u00a0\u00bb width=\u00a0\u00bb100%\u00a0\u00bb width_tablet=\u00a0\u00bb\u00a0\u00bb width_phone=\u00a0\u00bb70%\u00a0\u00bb width_last_edited=\u00a0\u00bbon|phone\u00a0\u00bb custom_margin=\u00a0\u00bb20px|0px|50px||false|false\u00a0\u00bb custom_margin_tablet=\u00a0\u00bb0px|55%|0px|0px|false|false\u00a0\u00bb custom_margin_phone=\u00a0\u00bb0px|10%||10%|false|false\u00a0\u00bb custom_margin_last_edited=\u00a0\u00bbon|desktop\u00a0\u00bb custom_padding=\u00a0\u00bb0.715em||0.715em|3em|false|false\u00a0\u00bb custom_css_button=\u00a0\u00bbbackground:#eaeaea;\u00a0\u00bb border_width_all=\u00a0\u00bb0px\u00a0\u00bb border_width_bottom=\u00a0\u00bb1px\u00a0\u00bb border_color_bottom=\u00a0\u00bb#eaeaea\u00a0\u00bb disabled=\u00a0\u00bbon\u00a0\u00bb saved_tabs=\u00a0\u00bball\u00a0\u00bb global_colors_info=\u00a0\u00bb{}\u00a0\u00bb][\/et_pb_search][et_pb_text disabled_on=\u00a0\u00bbon|on|off\u00a0\u00bb admin_label=\u00a0\u00bb\u00dcberschrift Kontakt Regionalgruppenleitung\u00a0\u00bb _builder_version=\u00a0\u00bb4.16&Prime; _module_preset=\u00a0\u00bbdefault\u00a0\u00bb text_text_color=\u00a0\u00bb#FFFFFF\u00a0\u00bb header_2_text_color=\u00a0\u00bb#FFFFFF\u00a0\u00bb header_3_font=\u00a0\u00bb|600|||||||\u00a0\u00bb header_3_font_size=\u00a0\u00bb18px\u00a0\u00bb header_4_font=\u00a0\u00bb|600|||||||\u00a0\u00bb header_4_font_size=\u00a0\u00bb16px\u00a0\u00bb header_5_font=\u00a0\u00bb|600|||||||\u00a0\u00bb background_color=\u00a0\u00bb#edeff0&Prime; text_orientation=\u00a0\u00bbcenter\u00a0\u00bb custom_margin=\u00a0\u00bb||0px||false|false\u00a0\u00bb custom_padding=\u00a0\u00bb10px|5px|0px|5px|false|false\u00a0\u00bb link_option_url=\u00a0\u00bbhttps:\/\/frankfurt.bdue-hessen.de\/fr\/felicitas-maria-kraut\/\u00a0\u00bb border_color_all=\u00a0\u00bbRGBA(0,0,0,0)\u00a0\u00bb global_colors_info=\u00a0\u00bb{}\u00a0\u00bb]<\/p>\n<h5>Contact Responsable du groupe r\u00e9gional<\/h5>\n<p>[\/et_pb_text][et_pb_text disabled_on=\u00a0\u00bbon|on|off\u00a0\u00bb admin_label=\u00a0\u00bbText Ansprechpartner\u00a0\u00bb _builder_version=\u00a0\u00bb4.23.1&Prime; _module_preset=\u00a0\u00bbdefault\u00a0\u00bb text_font=\u00a0\u00bb||||||||\u00a0\u00bb text_font_size=\u00a0\u00bb15px\u00a0\u00bb text_line_height=\u00a0\u00bb1.3em\u00a0\u00bb header_6_font=\u00a0\u00bbicons||||||||\u00a0\u00bb custom_padding=\u00a0\u00bb5px|5px|5px|5px|false|false\u00a0\u00bb hover_enabled=\u00a0\u00bb0&Prime; border_width_right=\u00a0\u00bb3px\u00a0\u00bb border_color_right=\u00a0\u00bb#edeff0&Prime; border_width_bottom=\u00a0\u00bb3px\u00a0\u00bb border_color_bottom=\u00a0\u00bb#edeff0&Prime; border_width_left=\u00a0\u00bb3px\u00a0\u00bb border_color_left=\u00a0\u00bb#edeff0&Prime; global_colors_info=\u00a0\u00bb{}\u00a0\u00bb custom_margin=\u00a0\u00bb||50px||false|false\u00a0\u00bb sticky_enabled=\u00a0\u00bb0&Prime;]<\/p>\n<p>Votre interlocutrice pour les traducteurs et les interpr\u00e8tes qui souhaitent visiter notre groupe r\u00e9gional\u00a0:<\/p>\n<p><strong>Felicitas Kraut<\/strong><\/p>\n<p style=\"text-align: left;\"><a href=\"tel:+496991507550\" title=\" Felicitas Kraut anrufen\">+49 (0)69 91507550<\/a><\/p>\n<p style=\"text-align: left;\"><a href=\"mailto:&#107;&#114;a&#117;&#116;&#64;&#98;d&#117;e.&#100;e\">krau&#116;&#64;&#98;&#100;&#117;e.de<\/a><\/p>\n<p>[\/et_pb_text][\/et_pb_column][et_pb_column type=\u00a0\u00bb3_4&Prime; specialty_columns=\u00a0\u00bb3&Prime; _builder_version=\u00a0\u00bb4.16&Prime; custom_padding=\u00a0\u00bb|||\u00a0\u00bb global_colors_info=\u00a0\u00bb{}\u00a0\u00bb custom_padding__hover=\u00a0\u00bb|||\u00a0\u00bb][et_pb_row_inner _builder_version=\u00a0\u00bb4.16&Prime; _module_preset=\u00a0\u00bbdefault\u00a0\u00bb custom_margin=\u00a0\u00bb||0px||false|false\u00a0\u00bb custom_padding=\u00a0\u00bb||0px||false|false\u00a0\u00bb saved_tabs=\u00a0\u00bball\u00a0\u00bb global_colors_info=\u00a0\u00bb{}\u00a0\u00bb][et_pb_column_inner _builder_version=\u00a0\u00bb4.16&Prime; _module_preset=\u00a0\u00bbdefault\u00a0\u00bb global_colors_info=\u00a0\u00bb{}\u00a0\u00bb][et_pb_text _builder_version=\u00a0\u00bb4.16&Prime; _module_preset=\u00a0\u00bbdefault\u00a0\u00bb global_colors_info=\u00a0\u00bb{}\u00a0\u00bb]<\/p>\n<p>\u2794 Pour plus de d\u00e9tails sur chaque personne, veuillez cliquer sur le mosa\u00efque de personnes\u2026<\/p>\n<p>[\/et_pb_text][\/et_pb_column_inner][\/et_pb_row_inner][et_pb_row_inner column_structure=\u00a0\u00bb1_3,1_3,1_3&Prime; use_custom_gutter=\u00a0\u00bbon\u00a0\u00bb gutter_width=\u00a0\u00bb2&Prime; make_equal=\u00a0\u00bbon\u00a0\u00bb admin_label=\u00a0\u00bbDella Rosa, NN,NN\u00a0\u00bb module_class=\u00a0\u00bbcontainer-kacheln\u00a0\u00bb _builder_version=\u00a0\u00bb4.16&Prime; _module_preset=\u00a0\u00bbdefault\u00a0\u00bb custom_margin=\u00a0\u00bb||30px||false|false\u00a0\u00bb custom_margin_tablet=\u00a0\u00bb||0px||false|false\u00a0\u00bb custom_margin_phone=\u00a0\u00bb||0px||false|true\u00a0\u00bb custom_margin_last_edited=\u00a0\u00bbon|phone\u00a0\u00bb custom_padding=\u00a0\u00bb||0px||false|false\u00a0\u00bb global_colors_info=\u00a0\u00bb{}\u00a0\u00bb][et_pb_column_inner type=\u00a0\u00bb1_3&Prime; saved_specialty_column_type=\u00a0\u00bb3_4&Prime; module_class=\u00a0\u00bbperson\u00a0\u00bb _builder_version=\u00a0\u00bb4.16&Prime; _module_preset=\u00a0\u00bbdefault\u00a0\u00bb background_color=\u00a0\u00bb#FFFFFF\u00a0\u00bb custom_padding=\u00a0\u00bb||||false|false\u00a0\u00bb custom_padding_tablet=\u00a0\u00bb||||false|false\u00a0\u00bb custom_padding_phone=\u00a0\u00bb||||false|false\u00a0\u00bb custom_padding_last_edited=\u00a0\u00bbon|phone\u00a0\u00bb border_width_all=\u00a0\u00bb2px\u00a0\u00bb border_color_all=\u00a0\u00bb#00abae\u00a0\u00bb border_width_top=\u00a0\u00bb0px\u00a0\u00bb global_colors_info=\u00a0\u00bb{}\u00a0\u00bb][et_pb_text admin_label=\u00a0\u00bbName Martina Della Rosa\u00a0\u00bb _builder_version=\u00a0\u00bb4.23.1&Prime; _module_preset=\u00a0\u00bbdefault\u00a0\u00bb text_text_color=\u00a0\u00bb#FFFFFF\u00a0\u00bb header_2_text_color=\u00a0\u00bb#FFFFFF\u00a0\u00bb background_color=\u00a0\u00bb#00abae\u00a0\u00bb text_orientation=\u00a0\u00bbcenter\u00a0\u00bb custom_margin=\u00a0\u00bb||0px||false|false\u00a0\u00bb custom_padding=\u00a0\u00bb5px|5px|0px|5px|false|false\u00a0\u00bb link_option_url=\u00a0\u00bbhttps:\/\/frankfurt.bdue-hessen.de\/fr\/martina-della-rosa\/\u00a0\u00bb border_color_all=\u00a0\u00bbRGBA(0,0,0,0)\u00a0\u00bb global_colors_info=\u00a0\u00bb{}\u00a0\u00bb]<\/p>\n<h2>Martina Della Rosa<\/h2>\n<p>[\/et_pb_text][et_pb_text admin_label=\u00a0\u00bbDetails Della Rosa\u00a0\u00bb module_class=\u00a0\u00bbperson\u00a0\u00bb _builder_version=\u00a0\u00bb4.23.1&Prime; _module_preset=\u00a0\u00bbdefault\u00a0\u00bb header_6_font=\u00a0\u00bbicons||||||||\u00a0\u00bb background_color=\u00a0\u00bb#FFFFFF\u00a0\u00bb custom_margin=\u00a0\u00bb||0px||false|false\u00a0\u00bb custom_padding=\u00a0\u00bb10px|5px|5px|10px|false|false\u00a0\u00bb link_option_url=\u00a0\u00bbhttps:\/\/frankfurt.bdue-hessen.de\/fr\/martina-della-rosa\/\u00a0\u00bb border_color_all=\u00a0\u00bb#00abae\u00a0\u00bb border_width_top=\u00a0\u00bb0px\u00a0\u00bb global_colors_info=\u00a0\u00bb{}\u00a0\u00bb]<\/p>\n<p style=\"text-align: center;\"><strong><img loading=\"lazy\" decoding=\"async\" src=\"https:\/\/frankfurt.bdue-hessen.de\/wp-content\/uploads\/sites\/3\/2023\/03\/martina-della-rosa-1-140x150.jpg\" alt=\"Martina Della Rosa\" class=\"wp-image-20076 alignnone size-thumbnail\" width=\"140\" height=\"150\" \/><\/strong><\/p>\n<p style=\"text-align: left;\"><strong>Dellalingua \u00dcbersetzungen<\/strong><br \/>Gro\u00dfe Fischerstra\u00dfe 22<br \/>60311 Frankfurt am Main<\/p>\n<p style=\"text-align: left;\"><strong>Sp\u00e9cialit\u00e9s\u00a0:<\/strong> Documents officiels \/ droit, Traductions cr\u00e9atives<\/p>\n<p style=\"text-align: left;\"><a href=\"tel:+491776004647\">+49 (0)177 6004647<\/a><\/p>\n<p style=\"text-align: left;\"><a href=\"mailto:&#100;e&#108;l&#97;&#108;&#105;ng&#117;a&#64;outl&#111;ok.&#100;&#101;\">d&#101;ll&#97;&#108;&#105;&#110;&#103;&#117;&#97;&#64;&#111;&#117;tl&#111;&#111;&#107;&#46;d&#101;<\/a><a href=\"https:\/\/www.dellalingua.de\" target=\"_blank\" rel=\"noopener\"><\/a><\/p>\n<p>[\/et_pb_text][\/et_pb_column_inner][et_pb_column_inner type=\u00a0\u00bb1_3&Prime; saved_specialty_column_type=\u00a0\u00bb3_4&Prime; module_class=\u00a0\u00bbperson\u00a0\u00bb _builder_version=\u00a0\u00bb4.16&Prime; _module_preset=\u00a0\u00bbdefault\u00a0\u00bb background_color=\u00a0\u00bb#FFFFFF\u00a0\u00bb custom_padding=\u00a0\u00bb||||false|false\u00a0\u00bb border_width_all=\u00a0\u00bb2px\u00a0\u00bb border_color_all=\u00a0\u00bb#00abae\u00a0\u00bb border_width_top=\u00a0\u00bb0px\u00a0\u00bb global_colors_info=\u00a0\u00bb{}\u00a0\u00bb][et_pb_text admin_label=\u00a0\u00bbName Christopher K\u00f6bel\u00a0\u00bb _builder_version=\u00a0\u00bb4.23.1&Prime; _module_preset=\u00a0\u00bbdefault\u00a0\u00bb text_text_color=\u00a0\u00bb#FFFFFF\u00a0\u00bb header_2_text_color=\u00a0\u00bb#FFFFFF\u00a0\u00bb background_color=\u00a0\u00bb#00abae\u00a0\u00bb text_orientation=\u00a0\u00bbcenter\u00a0\u00bb custom_margin=\u00a0\u00bb||0px||false|false\u00a0\u00bb custom_margin_tablet=\u00a0\u00bb\u00a0\u00bb custom_margin_phone=\u00a0\u00bb||||false|false\u00a0\u00bb custom_margin_last_edited=\u00a0\u00bbon|phone\u00a0\u00bb custom_padding=\u00a0\u00bb5px|5px|0px|5px|false|false\u00a0\u00bb link_option_url=\u00a0\u00bbhttps:\/\/frankfurt.bdue-hessen.de\/fr\/christopher-koebel\/\u00a0\u00bb border_color_all=\u00a0\u00bb#E02B20&Prime; global_colors_info=\u00a0\u00bb{}\u00a0\u00bb]<\/p>\n<h2>Christopher K\u00f6bel<\/h2>\n<p>[\/et_pb_text][et_pb_text admin_label=\u00a0\u00bbDetails K\u00f6bel\u00a0\u00bb _builder_version=\u00a0\u00bb4.23.1&Prime; _module_preset=\u00a0\u00bbdefault\u00a0\u00bb header_6_font=\u00a0\u00bbicons||||||||\u00a0\u00bb background_color=\u00a0\u00bb#FFFFFF\u00a0\u00bb custom_margin=\u00a0\u00bb||0px||false|false\u00a0\u00bb custom_padding=\u00a0\u00bb10px|5px|5px|10px|false|false\u00a0\u00bb link_option_url=\u00a0\u00bbhttps:\/\/frankfurt.bdue-hessen.de\/fr\/christopher-koebel\/\u00a0\u00bb border_color_all=\u00a0\u00bb#00abae\u00a0\u00bb border_width_top=\u00a0\u00bb0px\u00a0\u00bb global_colors_info=\u00a0\u00bb{}\u00a0\u00bb]<\/p>\n<p style=\"text-align: center;\"><strong><img loading=\"lazy\" decoding=\"async\" src=\"https:\/\/frankfurt.bdue-hessen.de\/wp-content\/uploads\/sites\/3\/2023\/03\/christopher-koebel2-1-140x150.jpg\" alt=\"Christopher-Koebel\" class=\"wp-image-20116 alignnone size-thumbnail\" width=\"140\" height=\"150\" \/><\/strong><\/p>\n<p style=\"text-align: left;\"><strong>DeFrEnT Christopher K\u00f6bel<\/strong><br \/>Wiesenstra\u00dfe 5<br \/>63654 B\u00fcdingen<\/p>\n<p style=\"text-align: left;\"><strong>Sp\u00e9cialit\u00e9s\u00a0:<\/strong> Construction m\u00e9canique et d\u2019\u00e9quipements, plasturgie, automatisation et industrie 4.0, localisation de logiciels, interfaces utilisateur web\/application, marketing, publicit\u00e9, revendications de brevets, documents<\/p>\n<p><a href=\"tel:+4960425849059\">+49 (0)6042 5849059<\/a><\/p>\n<p><a href=\"tel:+491777453480\">+49 (0)177 7453480<\/a><\/p>\n<a href=\"mailto:i&#110;fo&#64;&#100;ef&#114;en&#116;.d&#101;\">&#105;n&#102;o&#64;def&#114;e&#110;t&#46;&#100;e<\/a>\n<p>[\/et_pb_text][\/et_pb_column_inner][et_pb_column_inner type=\u00a0\u00bb1_3&Prime; saved_specialty_column_type=\u00a0\u00bb3_4&Prime; module_class=\u00a0\u00bbperson\u00a0\u00bb _builder_version=\u00a0\u00bb4.16&Prime; _module_preset=\u00a0\u00bbdefault\u00a0\u00bb background_color=\u00a0\u00bb#FFFFFF\u00a0\u00bb border_width_all=\u00a0\u00bb2px\u00a0\u00bb border_color_all=\u00a0\u00bb#00abae\u00a0\u00bb border_width_top=\u00a0\u00bb0px\u00a0\u00bb global_colors_info=\u00a0\u00bb{}\u00a0\u00bb][et_pb_text admin_label=\u00a0\u00bbName Solveig Kootz\u00a0\u00bb _builder_version=\u00a0\u00bb4.23.1&Prime; _module_preset=\u00a0\u00bbdefault\u00a0\u00bb text_text_color=\u00a0\u00bb#FFFFFF\u00a0\u00bb header_2_text_color=\u00a0\u00bb#FFFFFF\u00a0\u00bb background_color=\u00a0\u00bb#00abae\u00a0\u00bb text_orientation=\u00a0\u00bbcenter\u00a0\u00bb custom_margin=\u00a0\u00bb||0px||false|false\u00a0\u00bb custom_padding=\u00a0\u00bb5px|5px|0px|5px|false|false\u00a0\u00bb link_option_url=\u00a0\u00bbhttps:\/\/frankfurt.bdue-hessen.de\/fr\/solveig-kootz\/\u00a0\u00bb border_color_all=\u00a0\u00bbRGBA(0,0,0,0)\u00a0\u00bb global_colors_info=\u00a0\u00bb{}\u00a0\u00bb]<\/p>\n<h2>Solveig Kootz<\/h2>\n<p>[\/et_pb_text][et_pb_text admin_label=\u00a0\u00bbDetails Solveig Kootz\u00a0\u00bb _builder_version=\u00a0\u00bb4.23.1&Prime; _module_preset=\u00a0\u00bbdefault\u00a0\u00bb header_6_font=\u00a0\u00bbicons||||||||\u00a0\u00bb background_color=\u00a0\u00bb#FFFFFF\u00a0\u00bb custom_margin=\u00a0\u00bb||0px||false|false\u00a0\u00bb custom_padding=\u00a0\u00bb10px|5px|5px|10px|false|false\u00a0\u00bb link_option_url=\u00a0\u00bbhttps:\/\/frankfurt.bdue-hessen.de\/fr\/solveig-kootz\/\u00a0\u00bb border_width_all=\u00a0\u00bb0px\u00a0\u00bb border_color_all=\u00a0\u00bb#00abae\u00a0\u00bb border_width_top=\u00a0\u00bb0px\u00a0\u00bb global_colors_info=\u00a0\u00bb{}\u00a0\u00bb]<\/p>\n<p style=\"text-align: center;\"><strong><img loading=\"lazy\" decoding=\"async\" src=\"https:\/\/frankfurt.bdue-hessen.de\/wp-content\/uploads\/sites\/3\/2023\/03\/solveig-kootz-1-140x150.jpg\" alt=\"Solveig Kootz\" class=\"wp-image-20052 alignnone size-thumbnail\" width=\"140\" height=\"150\" \/><\/strong><\/p>\n<p style=\"text-align: left;\">Akazienstra\u00dfe 23<br \/>65933 Frankfurt am Main<\/p>\n<p style=\"text-align: left;\"><strong>Sp\u00e9cialit\u00e9s\u00a0:<\/strong> Mode, bijoux, cosm\u00e9tiques, articles de sport, e-commerce\/marketing, communication d\u2019entreprise, \u00e9conomie\/finance<\/p>\n<p><a href=\"tel:+4915208867584\">+49 (0)1520 8867584<\/a><\/p>\n<a href=\"mailto:sok&#111;otz&#64;out&#108;ook.d&#101;\">&#115;&#111;&#107;&#111;o&#116;&#122;&#64;o&#117;&#116;&#108;oo&#107;&#46;&#100;&#101;<\/a>\n<p><!--<\/p>\n\n\n\n\n<table style=\"border-collapse: collapse; width: 100%; margin-top: 20px;\" border=\"0\">\n\n\n<tbody>\n\n\n<tr>\n\n\n<td style=\"width: 10%;\">\n\n\n<h6 style=\"display: inline;\">\ue090<\/h6>\n\n\n<\/td>\n\n\n\n\n<td style=\"width: 90%;\"><a href=\"tel:+49-69-91507550\">+49 (0)69 91507550<\/a><\/td>\n\n\n<\/tr>\n\n\n\n\n<tr>\n\n\n<td style=\"width: 10%;\">\n\n\n<h6 style=\"display: inline;\">\ue076<\/h6>\n\n\n<\/td>\n\n\n\n\n<td style=\"width: 90%;\">[email]info@fks-sprachendienste.de[\/email]<\/td>\n\n\n<\/tr>\n\n\n<\/tbody>\n\n\n<\/table>\n\n\n\n\n<p>--><\/p>\n<p>[\/et_pb_text][\/et_pb_column_inner][\/et_pb_row_inner][et_pb_row_inner disabled_on=\u00a0\u00bboff|off|on\u00a0\u00bb admin_label=\u00a0\u00bbMobil\u00a0\u00bb _builder_version=\u00a0\u00bb4.16&Prime; _module_preset=\u00a0\u00bbdefault\u00a0\u00bb global_colors_info=\u00a0\u00bb{}\u00a0\u00bb][et_pb_column_inner saved_specialty_column_type=\u00a0\u00bb3_4&Prime; _builder_version=\u00a0\u00bb4.16&Prime; _module_preset=\u00a0\u00bbdefault\u00a0\u00bb global_colors_info=\u00a0\u00bb{}\u00a0\u00bb][et_pb_text disabled_on=\u00a0\u00bboff|off|on\u00a0\u00bb admin_label=\u00a0\u00bb\u00dcberschrift Kontakt Regionalgruppenleitung\u00a0\u00bb _builder_version=\u00a0\u00bb4.16&Prime; _module_preset=\u00a0\u00bbdefault\u00a0\u00bb text_text_color=\u00a0\u00bb#FFFFFF\u00a0\u00bb header_2_text_color=\u00a0\u00bb#FFFFFF\u00a0\u00bb header_3_font=\u00a0\u00bb|600|||||||\u00a0\u00bb header_3_font_size=\u00a0\u00bb18px\u00a0\u00bb header_4_font=\u00a0\u00bb|600|||||||\u00a0\u00bb header_4_font_size=\u00a0\u00bb16px\u00a0\u00bb header_5_font=\u00a0\u00bb|600|||||||\u00a0\u00bb background_color=\u00a0\u00bb#edeff0&Prime; text_orientation=\u00a0\u00bbcenter\u00a0\u00bb custom_margin=\u00a0\u00bb||0px||false|false\u00a0\u00bb custom_padding=\u00a0\u00bb10px|5px|0px|5px|false|false\u00a0\u00bb link_option_url=\u00a0\u00bbhttps:\/\/frankfurt.bdue-hessen.de\/fr\/felicitas-maria-kraut\/\u00a0\u00bb border_color_all=\u00a0\u00bbRGBA(0,0,0,0)\u00a0\u00bb global_colors_info=\u00a0\u00bb{}\u00a0\u00bb]<\/p>\n<h5>Contact Responsable du groupe r\u00e9gional<\/h5>\n<p>[\/et_pb_text][et_pb_text disabled_on=\u00a0\u00bboff|off|on\u00a0\u00bb admin_label=\u00a0\u00bbText Ansprechpartner\u00a0\u00bb _builder_version=\u00a0\u00bb4.16&Prime; _module_preset=\u00a0\u00bbdefault\u00a0\u00bb text_font=\u00a0\u00bb||||||||\u00a0\u00bb text_font_size=\u00a0\u00bb15px\u00a0\u00bb text_line_height=\u00a0\u00bb1.3em\u00a0\u00bb header_6_font=\u00a0\u00bbicons||||||||\u00a0\u00bb custom_padding=\u00a0\u00bb5px|5px|5px|5px|false|false\u00a0\u00bb border_width_right=\u00a0\u00bb3px\u00a0\u00bb border_color_right=\u00a0\u00bb#edeff0&Prime; border_width_bottom=\u00a0\u00bb3px\u00a0\u00bb border_color_bottom=\u00a0\u00bb#edeff0&Prime; border_width_left=\u00a0\u00bb3px\u00a0\u00bb border_color_left=\u00a0\u00bb#edeff0&Prime; global_colors_info=\u00a0\u00bb{}\u00a0\u00bb]<\/p>\n<p>Votre interlocutrice pour les traducteurs et les interpr\u00e8tes qui souhaitent visiter notre groupe r\u00e9gional\u00a0:<\/p>\n<p><strong>Felicitas Kraut<\/strong><\/p>\n<p style=\"text-align: left;\"><a href=\"tel:+496991507550\" title=\"Felicitas Kraut anrufen\">+49 (0)69 91507550<\/a><\/p>\n<p style=\"text-align: left;\"><a href=\"mailto:&#107;&#114;au&#116;&#64;&#98;&#100;u&#101;&#46;de\">&#107;&#114;&#97;&#117;t&#64;&#98;d&#117;&#101;&#46;&#100;e<\/a><\/p>\n<p>[\/et_pb_text][\/et_pb_column_inner][\/et_pb_row_inner][et_pb_row_inner custom_padding_last_edited=\u00a0\u00bbon|phone\u00a0\u00bb disabled_on=\u00a0\u00bboff|off|on\u00a0\u00bb _builder_version=\u00a0\u00bb4.16&Prime; _module_preset=\u00a0\u00bbdefault\u00a0\u00bb width=\u00a0\u00bb100%\u00a0\u00bb module_alignment=\u00a0\u00bbleft\u00a0\u00bb custom_margin=\u00a0\u00bb||||false|false\u00a0\u00bb custom_padding=\u00a0\u00bb30px|50px|30px|50px|false|true\u00a0\u00bb custom_padding_tablet=\u00a0\u00bb30px|50px|30px|50px|false|true\u00a0\u00bb custom_padding_phone=\u00a0\u00bb|10px|0px|10px|false|true\u00a0\u00bb module_alignment_tablet=\u00a0\u00bbcenter\u00a0\u00bb module_alignment_phone=\u00a0\u00bbcenter\u00a0\u00bb module_alignment_last_edited=\u00a0\u00bbon|tablet\u00a0\u00bb global_colors_info=\u00a0\u00bb{}\u00a0\u00bb][et_pb_column_inner _builder_version=\u00a0\u00bb4.16&Prime; _module_preset=\u00a0\u00bbdefault\u00a0\u00bb background_last_edited=\u00a0\u00bbon|phone\u00a0\u00bb background_enable_color_phone=\u00a0\u00bboff\u00a0\u00bb global_colors_info=\u00a0\u00bb{}\u00a0\u00bb][et_pb_search placeholder=\u00a0\u00bb| Saisir un terme de recherche\u00a0\u00bb placeholder_color=\u00a0\u00bb#999999&Prime; disabled_on=\u00a0\u00bboff|off|on\u00a0\u00bb admin_label=\u00a0\u00bbSuche mobil\u00a0\u00bb module_id=\u00a0\u00bbsuche\u00a0\u00bb module_class=\u00a0\u00bbsearchfield\u00a0\u00bb _builder_version=\u00a0\u00bb4.16&Prime; _module_preset=\u00a0\u00bbdefault\u00a0\u00bb form_field_background_color=\u00a0\u00bb#FFFFFF\u00a0\u00bb form_field_focus_background_color=\u00a0\u00bb#FFFFFF\u00a0\u00bb button_font_size=\u00a0\u00bb0px\u00a0\u00bb background_color=\u00a0\u00bbRGBA(0,0,0,0)\u00a0\u00bb width_tablet=\u00a0\u00bb\u00a0\u00bb width_phone=\u00a0\u00bb\u00a0\u00bb width_last_edited=\u00a0\u00bbon|phone\u00a0\u00bb module_alignment=\u00a0\u00bbcenter\u00a0\u00bb custom_margin=\u00a0\u00bb||||false|false\u00a0\u00bb custom_margin_tablet=\u00a0\u00bb80px|50px|30px|50px|false|true\u00a0\u00bb custom_margin_phone=\u00a0\u00bb80px|10px||10px|false|true\u00a0\u00bb custom_margin_last_edited=\u00a0\u00bbon|phone\u00a0\u00bb custom_padding_tablet=\u00a0\u00bb|||3em|false|false\u00a0\u00bb custom_padding_phone=\u00a0\u00bb0.715em|0.71em|0.715em|3em|false|false\u00a0\u00bb custom_padding_last_edited=\u00a0\u00bbon|phone\u00a0\u00bb custom_css_button=\u00a0\u00bbbackground:#eaeaea;\u00a0\u00bb border_width_all=\u00a0\u00bb0px\u00a0\u00bb border_width_bottom=\u00a0\u00bb1px\u00a0\u00bb border_color_bottom=\u00a0\u00bb#eaeaea\u00a0\u00bb border_color_all_tablet=\u00a0\u00bb\u00a0\u00bb border_color_all_phone=\u00a0\u00bb\u00a0\u00bb border_color_all_last_edited=\u00a0\u00bbon|tablet\u00a0\u00bb global_colors_info=\u00a0\u00bb{}\u00a0\u00bb][\/et_pb_search][\/et_pb_column_inner][\/et_pb_row_inner][\/et_pb_column][\/et_pb_section][et_pb_section fb_built=\u00a0\u00bb1&Prime; custom_padding_last_edited=\u00a0\u00bbon|phone\u00a0\u00bb admin_label=\u00a0\u00bbsection\u00a0\u00bb _builder_version=\u00a0\u00bb4.23.1&Prime; _module_preset=\u00a0\u00bbdefault\u00a0\u00bb background_color=\u00a0\u00bbRGBA(0,0,0,0)\u00a0\u00bb background_image=\u00a0\u00bbhttps:\/\/frankfurt.bdue-hessen.de\/wp-content\/uploads\/sites\/3\/2021\/05\/footer.png\u00a0\u00bb background_enable_image=\u00a0\u00bboff\u00a0\u00bb background_size=\u00a0\u00bbinitial\u00a0\u00bb background_position=\u00a0\u00bbbottom_center\u00a0\u00bb min_height=\u00a0\u00bb181.4px\u00a0\u00bb custom_margin=\u00a0\u00bb0px||||false|false\u00a0\u00bb custom_margin_tablet=\u00a0\u00bb||||false|false\u00a0\u00bb custom_margin_phone=\u00a0\u00bb100px||0px||false|false\u00a0\u00bb custom_margin_last_edited=\u00a0\u00bbon|phone\u00a0\u00bb custom_padding=\u00a0\u00bb0px||||false|false\u00a0\u00bb custom_padding_tablet=\u00a0\u00bb||||false|false\u00a0\u00bb custom_padding_phone=\u00a0\u00bb0px||0px||false|false\u00a0\u00bb background_color_tablet=\u00a0\u00bbRGBA(255,255,255,0)\u00a0\u00bb background_color_phone=\u00a0\u00bbRGBA(0,0,0,0)\u00a0\u00bb background_last_edited=\u00a0\u00bbon|tablet\u00a0\u00bb background_enable_color_tablet=\u00a0\u00bbon\u00a0\u00bb background_enable_color_phone=\u00a0\u00bbon\u00a0\u00bb background_image_tablet=\u00a0\u00bbhttps:\/\/frankfurt.bdue-hessen.de\/wp-content\/uploads\/sites\/3\/2021\/05\/footer.png\u00a0\u00bb background_image_phone=\u00a0\u00bbhttps:\/\/frankfurt.bdue-hessen.de\/wp-content\/uploads\/sites\/3\/2021\/05\/footer.png\u00a0\u00bb background_enable_image_tablet=\u00a0\u00bboff\u00a0\u00bb background_enable_image_phone=\u00a0\u00bbon\u00a0\u00bb parallax_phone=\u00a0\u00bboff\u00a0\u00bb background_size_tablet=\u00a0\u00bbinitial\u00a0\u00bb background_size_phone=\u00a0\u00bbcover\u00a0\u00bb background_position_phone=\u00a0\u00bbbottom_center\u00a0\u00bb global_module=\u00a0\u00bb20918&Prime; saved_tabs=\u00a0\u00bball\u00a0\u00bb global_colors_info=\u00a0\u00bb{}\u00a0\u00bb][et_pb_row use_custom_gutter=\u00a0\u00bbon\u00a0\u00bb gutter_width=\u00a0\u00bb2&Prime; make_equal=\u00a0\u00bbon\u00a0\u00bb custom_padding_last_edited=\u00a0\u00bbon|desktop\u00a0\u00bb _builder_version=\u00a0\u00bb4.23.1&Prime; _module_preset=\u00a0\u00bbdefault\u00a0\u00bb background_color=\u00a0\u00bbRGBA(0,0,0,0)\u00a0\u00bb background_enable_image=\u00a0\u00bboff\u00a0\u00bb width=\u00a0\u00bb100%\u00a0\u00bb width_tablet=\u00a0\u00bb100%\u00a0\u00bb width_phone=\u00a0\u00bb100%\u00a0\u00bb width_last_edited=\u00a0\u00bbon|tablet\u00a0\u00bb module_alignment=\u00a0\u00bbcenter\u00a0\u00bb custom_margin=\u00a0\u00bb||||false|false\u00a0\u00bb custom_margin_tablet=\u00a0\u00bb60px||||false|false\u00a0\u00bb custom_margin_phone=\u00a0\u00bb0px|0px|0px|0px|false|true\u00a0\u00bb custom_margin_last_edited=\u00a0\u00bbon|tablet\u00a0\u00bb custom_padding=\u00a0\u00bb10px|11px|0px|11px|false|true\u00a0\u00bb custom_padding_tablet=\u00a0\u00bb0px||10px||false|false\u00a0\u00bb custom_padding_phone=\u00a0\u00bb0px||10px||false|false\u00a0\u00bb background_color_tablet=\u00a0\u00bbRGBA(255,255,255,0)\u00a0\u00bb background_last_edited=\u00a0\u00bbon|tablet\u00a0\u00bb background_enable_color_tablet=\u00a0\u00bbon\u00a0\u00bb background_enable_color_phone=\u00a0\u00bboff\u00a0\u00bb global_colors_info=\u00a0\u00bb{}\u00a0\u00bb][et_pb_column type=\u00a0\u00bb4_4&Prime; _builder_version=\u00a0\u00bb4.16&Prime; _module_preset=\u00a0\u00bbdefault\u00a0\u00bb custom_padding_tablet=\u00a0\u00bb\u00a0\u00bb custom_padding_phone=\u00a0\u00bb||||false|false\u00a0\u00bb custom_padding_last_edited=\u00a0\u00bbon|phone\u00a0\u00bb global_colors_info=\u00a0\u00bb{}\u00a0\u00bb][et_pb_text admin_label=\u00a0\u00bbFooter Adresse\u00a0\u00bb module_class=\u00a0\u00bbfooter-adresse\u00a0\u00bb _builder_version=\u00a0\u00bb4.23.1&Prime; _module_preset=\u00a0\u00bbdefault\u00a0\u00bb background_enable_color=\u00a0\u00bboff\u00a0\u00bb custom_margin=\u00a0\u00bb0px||||false|false\u00a0\u00bb custom_margin_tablet=\u00a0\u00bb0px||||false|false\u00a0\u00bb custom_margin_phone=\u00a0\u00bb100px||0px||false|false\u00a0\u00bb custom_margin_last_edited=\u00a0\u00bbon|phone\u00a0\u00bb custom_padding=\u00a0\u00bb||0px||false|false\u00a0\u00bb background_color_tablet=\u00a0\u00bbRGBA(0,0,0,0)\u00a0\u00bb background_last_edited=\u00a0\u00bbon|desktop\u00a0\u00bb background_enable_color_tablet=\u00a0\u00bbon\u00a0\u00bb global_colors_info=\u00a0\u00bb{}\u00a0\u00bb]<\/p>\n<p>Bundesverband der Dolmetscher und \u00dcbersetzer (BD\u00dc) Landesverband Hessen e.V. | Groupe r\u00e9gional de Francfort<\/p>\n<p>Bureau central du BD\u00dc Hessen:<br \/>Blankenheimer Stra\u00dfe 46 | 60529 Frankfurt am Main | T\u00e9l\u00e9phone: <a href=\"tel:+496983831454 \">+49 (0)69 83 83 14 54 <\/a>\u00a0| <a href=\"mailto:&#104;e&#64;&#98;d&#117;&#101;.&#100;&#101;\">h&#101;&#64;bdu&#101;.&#100;&#101;<\/a><\/p>\n<p>[\/et_pb_text][et_pb_text admin_label=\u00a0\u00bbLinks AGB | Impressum | Datenschutz\u00a0\u00bb _builder_version=\u00a0\u00bb4.23.1&Prime; _module_preset=\u00a0\u00bbdefault\u00a0\u00bb background_color=\u00a0\u00bbRGBA(0,0,0,0)\u00a0\u00bb custom_margin=\u00a0\u00bb||||false|false\u00a0\u00bb custom_margin_tablet=\u00a0\u00bb||0px||false|false\u00a0\u00bb custom_margin_phone=\u00a0\u00bb||||false|false\u00a0\u00bb custom_margin_last_edited=\u00a0\u00bbon|tablet\u00a0\u00bb custom_padding=\u00a0\u00bb||20px||false|false\u00a0\u00bb custom_padding_tablet=\u00a0\u00bb||||false|false\u00a0\u00bb custom_padding_phone=\u00a0\u00bb||0px||false|false\u00a0\u00bb custom_padding_last_edited=\u00a0\u00bbon|phone\u00a0\u00bb background_last_edited=\u00a0\u00bbon|phone\u00a0\u00bb background_enable_color_phone=\u00a0\u00bboff\u00a0\u00bb global_colors_info=\u00a0\u00bb{}\u00a0\u00bb]<\/p>\n<p><a href=\"Conditions-dutilisation\">Conditions d\u2019utilisation (CG)<\/a> | <a href=\"mentions-legales\">Mentions l\u00e9gales<\/a> | <a href=\"politique-de-confidentialite\">Politique de confidentialit\u00e9<\/a><\/p>\n<p>[\/et_pb_text][et_pb_text admin_label=\u00a0\u00bbCopyright \u00a0\u00bb _builder_version=\u00a0\u00bb4.23.1&Prime; _module_preset=\u00a0\u00bbdefault\u00a0\u00bb custom_margin=\u00a0\u00bb||0px||false|false\u00a0\u00bb custom_padding=\u00a0\u00bb||0px||false|false\u00a0\u00bb global_colors_info=\u00a0\u00bb{}\u00a0\u00bb]\u00a9 2026 | Tous droits r\u00e9serv\u00e9s[\/et_pb_text][\/et_pb_column][\/et_pb_row][\/et_pb_section]<\/p>\n","protected":false},"excerpt":{"rendered":"<p>Contact Responsable du groupe r\u00e9gionalVotre interlocutrice pour les traducteurs et les interpr\u00e8tes qui souhaitent visiter notre groupe r\u00e9gional\u00a0: Felicitas Kraut +49 (0)69 91507550 <a href=\"mailto:kra&#117;&#116;&#64;&#98;d&#117;&#101;&#46;&#100;&#101;\">&#107;ra&#117;t&#64;b&#100;&#117;e.&#100;&#101;<\/a>\u2794 Pour plus de d\u00e9tails sur chaque personne, veuillez cliquer sur le mosa\u00efque de personnes\u2026Martina Della Rosa Dellalingua \u00dcbersetzungenGro\u00dfe Fischerstra\u00dfe 2260311 Frankfurt am Main Sp\u00e9cialit\u00e9s\u00a0: Documents officiels \/ droit, Traductions cr\u00e9atives +49 [&hellip;]<\/p>\n","protected":false},"author":1,"featured_media":0,"parent":0,"menu_order":5,"comment_status":"closed","ping_status":"closed","template":"","meta":{"_et_pb_use_builder":"on","_et_pb_old_content":"","_et_gb_content_width":"","footnotes":""},"class_list":["post-27125","page","type-page","status-publish","hentry"],"yoast_head":"<!-- This site is optimized with the Yoast SEO plugin v26.8 - https:\/\/yoast.com\/product\/yoast-seo-wordpress\/ -->\n<title>Fran\u00e7ais &#8211; Regionalgruppe Frankfurt-Main des BD\u00dc Hessen<\/title>\n<meta name=\"description\" content=\"&#8211;\" \/>\n<meta name=\"robots\" content=\"index, follow, max-snippet:-1, max-image-preview:large, max-video-preview:-1\" \/>\n<link rel=\"canonical\" href=\"https:\/\/frankfurt.bdue-hessen.de\/fr\/offre-linguistique-en-francais\/\" \/>\n<meta property=\"og:locale\" content=\"fr_FR\" \/>\n<meta property=\"og:type\" content=\"article\" \/>\n<meta property=\"og:title\" content=\"Fran\u00e7ais &#8211; Regionalgruppe Frankfurt-Main des BD\u00dc Hessen\" \/>\n<meta property=\"og:description\" content=\"&#8211;\" \/>\n<meta property=\"og:url\" content=\"https:\/\/frankfurt.bdue-hessen.de\/fr\/offre-linguistique-en-francais\/\" \/>\n<meta property=\"og:site_name\" content=\"Regionalgruppe Frankfurt-Main des BD\u00dc Hessen\" \/>\n<meta property=\"article:publisher\" content=\"https:\/\/www.facebook.com\/BDUeeV\/\" \/>\n<meta property=\"article:modified_time\" content=\"2024-03-14T14:57:41+00:00\" \/>\n<meta property=\"og:image\" content=\"https:\/\/frankfurt.bdue-hessen.de\/wp-content\/uploads\/sites\/3\/2023\/03\/martina-della-rosa-1-140x150.jpg\" \/>\n<meta name=\"twitter:card\" content=\"summary_large_image\" \/>\n<meta name=\"twitter:site\" content=\"@Bdue_Hessen\" \/>\n<meta name=\"twitter:label1\" content=\"Dur\u00e9e de lecture estim\u00e9e\" \/>\n\t<meta name=\"twitter:data1\" content=\"17 minutes\" \/>\n<script type=\"application\/ld+json\" class=\"yoast-schema-graph\">{\"@context\":\"https:\/\/schema.org\",\"@graph\":[{\"@type\":\"WebPage\",\"@id\":\"https:\/\/frankfurt.bdue-hessen.de\/fr\/offre-linguistique-en-francais\/\",\"url\":\"https:\/\/frankfurt.bdue-hessen.de\/fr\/offre-linguistique-en-francais\/\",\"name\":\"Fran\u00e7ais &#8211; Regionalgruppe Frankfurt-Main des BD\u00dc Hessen\",\"isPartOf\":{\"@id\":\"https:\/\/frankfurt.bdue-hessen.de\/fr\/#website\"},\"primaryImageOfPage\":{\"@id\":\"https:\/\/frankfurt.bdue-hessen.de\/fr\/offre-linguistique-en-francais\/#primaryimage\"},\"image\":{\"@id\":\"https:\/\/frankfurt.bdue-hessen.de\/fr\/offre-linguistique-en-francais\/#primaryimage\"},\"thumbnailUrl\":\"https:\/\/frankfurt.bdue-hessen.de\/wp-content\/uploads\/sites\/3\/2023\/03\/martina-della-rosa-1-140x150.jpg\",\"datePublished\":\"2023-11-15T15:43:37+00:00\",\"dateModified\":\"2024-03-14T14:57:41+00:00\",\"description\":\"&#8211;\",\"breadcrumb\":{\"@id\":\"https:\/\/frankfurt.bdue-hessen.de\/fr\/offre-linguistique-en-francais\/#breadcrumb\"},\"inLanguage\":\"fr-FR\",\"potentialAction\":[{\"@type\":\"ReadAction\",\"target\":[\"https:\/\/frankfurt.bdue-hessen.de\/fr\/offre-linguistique-en-francais\/\"]}]},{\"@type\":\"ImageObject\",\"inLanguage\":\"fr-FR\",\"@id\":\"https:\/\/frankfurt.bdue-hessen.de\/fr\/offre-linguistique-en-francais\/#primaryimage\",\"url\":\"https:\/\/frankfurt.bdue-hessen.de\/wp-content\/uploads\/sites\/3\/2023\/03\/martina-della-rosa-1-140x150.jpg\",\"contentUrl\":\"https:\/\/frankfurt.bdue-hessen.de\/wp-content\/uploads\/sites\/3\/2023\/03\/martina-della-rosa-1-140x150.jpg\"},{\"@type\":\"BreadcrumbList\",\"@id\":\"https:\/\/frankfurt.bdue-hessen.de\/fr\/offre-linguistique-en-francais\/#breadcrumb\",\"itemListElement\":[{\"@type\":\"ListItem\",\"position\":1,\"name\":\"Startseite\",\"item\":\"https:\/\/frankfurt.bdue-hessen.de\/fr\/traduction-et-interpretation-le-groupe-regional-bdue-de-francfort-sur-le-main\/\"},{\"@type\":\"ListItem\",\"position\":2,\"name\":\"Fran\u00e7ais\"}]},{\"@type\":\"WebSite\",\"@id\":\"https:\/\/frankfurt.bdue-hessen.de\/fr\/#website\",\"url\":\"https:\/\/frankfurt.bdue-hessen.de\/fr\/\",\"name\":\"Regionalgruppe Frankfurt am Main des BD\u00dc Hessen\",\"description\":\"BD\u00dc Hessen e.V. Regionalgruppen-Website\",\"publisher\":{\"@id\":\"https:\/\/frankfurt.bdue-hessen.de\/fr\/#organization\"},\"alternateName\":\"BD\u00dc Hessen RG Frankfurt\",\"potentialAction\":[{\"@type\":\"SearchAction\",\"target\":{\"@type\":\"EntryPoint\",\"urlTemplate\":\"https:\/\/frankfurt.bdue-hessen.de\/fr\/?s={search_term_string}\"},\"query-input\":{\"@type\":\"PropertyValueSpecification\",\"valueRequired\":true,\"valueName\":\"search_term_string\"}}],\"inLanguage\":\"fr-FR\"},{\"@type\":\"Organization\",\"@id\":\"https:\/\/frankfurt.bdue-hessen.de\/fr\/#organization\",\"name\":\"BD\u00dc Hessen e.V. Regionalgruppe Frankfurt am Main\",\"alternateName\":\"BD\u00dc Hessen RG Frankfurt\",\"url\":\"https:\/\/frankfurt.bdue-hessen.de\/fr\/\",\"logo\":{\"@type\":\"ImageObject\",\"inLanguage\":\"fr-FR\",\"@id\":\"https:\/\/frankfurt.bdue-hessen.de\/fr\/#\/schema\/logo\/image\/\",\"url\":\"https:\/\/frankfurt.bdue-hessen.de\/wp-content\/uploads\/sites\/3\/2022\/11\/cropped-favicon-bdue-hessen.png\",\"contentUrl\":\"https:\/\/frankfurt.bdue-hessen.de\/wp-content\/uploads\/sites\/3\/2022\/11\/cropped-favicon-bdue-hessen.png\",\"width\":512,\"height\":512,\"caption\":\"BD\u00dc Hessen e.V. Regionalgruppe Frankfurt am Main\"},\"image\":{\"@id\":\"https:\/\/frankfurt.bdue-hessen.de\/fr\/#\/schema\/logo\/image\/\"},\"sameAs\":[\"https:\/\/www.facebook.com\/BDUeeV\/\",\"https:\/\/x.com\/Bdue_Hessen\",\"https:\/\/www.linkedin.com\/company\/bdue-hessen\/\"]}]}<\/script>\n<!-- \/ Yoast SEO plugin. -->","yoast_head_json":{"title":"Fran\u00e7ais &#8211; Regionalgruppe Frankfurt-Main des BD\u00dc Hessen","description":"&#8211;","robots":{"index":"index","follow":"follow","max-snippet":"max-snippet:-1","max-image-preview":"max-image-preview:large","max-video-preview":"max-video-preview:-1"},"canonical":"https:\/\/frankfurt.bdue-hessen.de\/fr\/offre-linguistique-en-francais\/","og_locale":"fr_FR","og_type":"article","og_title":"Fran\u00e7ais &#8211; Regionalgruppe Frankfurt-Main des BD\u00dc Hessen","og_description":"&#8211;","og_url":"https:\/\/frankfurt.bdue-hessen.de\/fr\/offre-linguistique-en-francais\/","og_site_name":"Regionalgruppe Frankfurt-Main des BD\u00dc Hessen","article_publisher":"https:\/\/www.facebook.com\/BDUeeV\/","article_modified_time":"2024-03-14T14:57:41+00:00","og_image":[{"url":"https:\/\/frankfurt.bdue-hessen.de\/wp-content\/uploads\/sites\/3\/2023\/03\/martina-della-rosa-1-140x150.jpg","type":"","width":"","height":""}],"twitter_card":"summary_large_image","twitter_site":"@Bdue_Hessen","twitter_misc":{"Dur\u00e9e de lecture estim\u00e9e":"17 minutes"},"schema":{"@context":"https:\/\/schema.org","@graph":[{"@type":"WebPage","@id":"https:\/\/frankfurt.bdue-hessen.de\/fr\/offre-linguistique-en-francais\/","url":"https:\/\/frankfurt.bdue-hessen.de\/fr\/offre-linguistique-en-francais\/","name":"Fran\u00e7ais &#8211; Regionalgruppe Frankfurt-Main des BD\u00dc Hessen","isPartOf":{"@id":"https:\/\/frankfurt.bdue-hessen.de\/fr\/#website"},"primaryImageOfPage":{"@id":"https:\/\/frankfurt.bdue-hessen.de\/fr\/offre-linguistique-en-francais\/#primaryimage"},"image":{"@id":"https:\/\/frankfurt.bdue-hessen.de\/fr\/offre-linguistique-en-francais\/#primaryimage"},"thumbnailUrl":"https:\/\/frankfurt.bdue-hessen.de\/wp-content\/uploads\/sites\/3\/2023\/03\/martina-della-rosa-1-140x150.jpg","datePublished":"2023-11-15T15:43:37+00:00","dateModified":"2024-03-14T14:57:41+00:00","description":"&#8211;","breadcrumb":{"@id":"https:\/\/frankfurt.bdue-hessen.de\/fr\/offre-linguistique-en-francais\/#breadcrumb"},"inLanguage":"fr-FR","potentialAction":[{"@type":"ReadAction","target":["https:\/\/frankfurt.bdue-hessen.de\/fr\/offre-linguistique-en-francais\/"]}]},{"@type":"ImageObject","inLanguage":"fr-FR","@id":"https:\/\/frankfurt.bdue-hessen.de\/fr\/offre-linguistique-en-francais\/#primaryimage","url":"https:\/\/frankfurt.bdue-hessen.de\/wp-content\/uploads\/sites\/3\/2023\/03\/martina-della-rosa-1-140x150.jpg","contentUrl":"https:\/\/frankfurt.bdue-hessen.de\/wp-content\/uploads\/sites\/3\/2023\/03\/martina-della-rosa-1-140x150.jpg"},{"@type":"BreadcrumbList","@id":"https:\/\/frankfurt.bdue-hessen.de\/fr\/offre-linguistique-en-francais\/#breadcrumb","itemListElement":[{"@type":"ListItem","position":1,"name":"Startseite","item":"https:\/\/frankfurt.bdue-hessen.de\/fr\/traduction-et-interpretation-le-groupe-regional-bdue-de-francfort-sur-le-main\/"},{"@type":"ListItem","position":2,"name":"Fran\u00e7ais"}]},{"@type":"WebSite","@id":"https:\/\/frankfurt.bdue-hessen.de\/fr\/#website","url":"https:\/\/frankfurt.bdue-hessen.de\/fr\/","name":"Regionalgruppe Frankfurt am Main des BD\u00dc Hessen","description":"BD\u00dc Hessen e.V. Regionalgruppen-Website","publisher":{"@id":"https:\/\/frankfurt.bdue-hessen.de\/fr\/#organization"},"alternateName":"BD\u00dc Hessen RG Frankfurt","potentialAction":[{"@type":"SearchAction","target":{"@type":"EntryPoint","urlTemplate":"https:\/\/frankfurt.bdue-hessen.de\/fr\/?s={search_term_string}"},"query-input":{"@type":"PropertyValueSpecification","valueRequired":true,"valueName":"search_term_string"}}],"inLanguage":"fr-FR"},{"@type":"Organization","@id":"https:\/\/frankfurt.bdue-hessen.de\/fr\/#organization","name":"BD\u00dc Hessen e.V. Regionalgruppe Frankfurt am Main","alternateName":"BD\u00dc Hessen RG Frankfurt","url":"https:\/\/frankfurt.bdue-hessen.de\/fr\/","logo":{"@type":"ImageObject","inLanguage":"fr-FR","@id":"https:\/\/frankfurt.bdue-hessen.de\/fr\/#\/schema\/logo\/image\/","url":"https:\/\/frankfurt.bdue-hessen.de\/wp-content\/uploads\/sites\/3\/2022\/11\/cropped-favicon-bdue-hessen.png","contentUrl":"https:\/\/frankfurt.bdue-hessen.de\/wp-content\/uploads\/sites\/3\/2022\/11\/cropped-favicon-bdue-hessen.png","width":512,"height":512,"caption":"BD\u00dc Hessen e.V. Regionalgruppe Frankfurt am Main"},"image":{"@id":"https:\/\/frankfurt.bdue-hessen.de\/fr\/#\/schema\/logo\/image\/"},"sameAs":["https:\/\/www.facebook.com\/BDUeeV\/","https:\/\/x.com\/Bdue_Hessen","https:\/\/www.linkedin.com\/company\/bdue-hessen\/"]}]}},"_links":{"self":[{"href":"https:\/\/frankfurt.bdue-hessen.de\/fr\/wp-json\/wp\/v2\/pages\/27125","targetHints":{"allow":["GET"]}}],"collection":[{"href":"https:\/\/frankfurt.bdue-hessen.de\/fr\/wp-json\/wp\/v2\/pages"}],"about":[{"href":"https:\/\/frankfurt.bdue-hessen.de\/fr\/wp-json\/wp\/v2\/types\/page"}],"author":[{"embeddable":true,"href":"https:\/\/frankfurt.bdue-hessen.de\/fr\/wp-json\/wp\/v2\/users\/1"}],"replies":[{"embeddable":true,"href":"https:\/\/frankfurt.bdue-hessen.de\/fr\/wp-json\/wp\/v2\/comments?post=27125"}],"version-history":[{"count":19,"href":"https:\/\/frankfurt.bdue-hessen.de\/fr\/wp-json\/wp\/v2\/pages\/27125\/revisions"}],"predecessor-version":[{"id":28600,"href":"https:\/\/frankfurt.bdue-hessen.de\/fr\/wp-json\/wp\/v2\/pages\/27125\/revisions\/28600"}],"wp:attachment":[{"href":"https:\/\/frankfurt.bdue-hessen.de\/fr\/wp-json\/wp\/v2\/media?parent=27125"}],"curies":[{"name":"wp","href":"https:\/\/api.w.org\/{rel}","templated":true}]}}