{"id":24208,"date":"2023-08-29T14:37:35","date_gmt":"2023-08-29T12:37:35","guid":{"rendered":"https:\/\/frankfurt.bdue-hessen.de\/sprachangebot-spanisch\/"},"modified":"2024-03-14T15:55:04","modified_gmt":"2024-03-14T14:55:04","slug":"sprachangebot-spanisch","status":"publish","type":"page","link":"https:\/\/frankfurt.bdue-hessen.de\/fr\/sprachangebot-spanisch\/","title":{"rendered":"Espagnol"},"content":{"rendered":"<p>[et_pb_section fb_built=\u00a0\u00bb1&Prime; custom_padding_last_edited=\u00a0\u00bbon|desktop\u00a0\u00bb _builder_version=\u00a0\u00bb4.16&Prime; background_enable_color=\u00a0\u00bboff\u00a0\u00bb width=\u00a0\u00bb100%\u00a0\u00bb max_width=\u00a0\u00bb100%\u00a0\u00bb custom_margin=\u00a0\u00bb||0px||false|false\u00a0\u00bb custom_margin_tablet=\u00a0\u00bb0px|0px|0px|0px|false|false\u00a0\u00bb custom_margin_phone=\u00a0\u00bb\u00a0\u00bb custom_margin_last_edited=\u00a0\u00bbon|phone\u00a0\u00bb custom_padding=\u00a0\u00bb0px|0px|0px|0px|false|false\u00a0\u00bb custom_padding_tablet=\u00a0\u00bb\u00a0\u00bb custom_padding_phone=\u00a0\u00bb\u00a0\u00bb background_last_edited=\u00a0\u00bbon|tablet\u00a0\u00bb background_enable_color_tablet=\u00a0\u00bboff\u00a0\u00bb border_width_top=\u00a0\u00bb0px\u00a0\u00bb border_color_top=\u00a0\u00bb#edeff0&Prime; border_width_bottom=\u00a0\u00bb1px\u00a0\u00bb border_color_bottom=\u00a0\u00bbRGBA(0,0,0,0)\u00a0\u00bb saved_tabs=\u00a0\u00bball\u00a0\u00bb global_colors_info=\u00a0\u00bb{}\u00a0\u00bb][et_pb_row custom_padding_last_edited=\u00a0\u00bboff|desktop\u00a0\u00bb module_class=\u00a0\u00bbsuche-sprachwahl\u00a0\u00bb _builder_version=\u00a0\u00bb4.20.2&Prime; background_enable_color=\u00a0\u00bboff\u00a0\u00bb background_enable_image=\u00a0\u00bboff\u00a0\u00bb background_size=\u00a0\u00bbinitial\u00a0\u00bb background_position=\u00a0\u00bbbottom_center\u00a0\u00bb background_repeat=\u00a0\u00bbrepeat-x\u00a0\u00bb width=\u00a0\u00bb100%\u00a0\u00bb custom_margin=\u00a0\u00bb||0px||false|true\u00a0\u00bb custom_margin_tablet=\u00a0\u00bb\u00a0\u00bb custom_margin_phone=\u00a0\u00bb|0px||0px|false|true\u00a0\u00bb custom_margin_last_edited=\u00a0\u00bbon|phone\u00a0\u00bb custom_padding=\u00a0\u00bb0px|0px|0px|0px|false|true\u00a0\u00bb custom_padding_tablet=\u00a0\u00bb||0px||false|true\u00a0\u00bb background_last_edited=\u00a0\u00bbon|tablet\u00a0\u00bb background_enable_color_tablet=\u00a0\u00bboff\u00a0\u00bb border_width_top=\u00a0\u00bb0px\u00a0\u00bb border_color_top=\u00a0\u00bb#edeff0&Prime; border_color_bottom=\u00a0\u00bb#c4c7c9&Prime; global_module=\u00a0\u00bb24791&Prime; saved_tabs=\u00a0\u00bball\u00a0\u00bb global_colors_info=\u00a0\u00bb{}\u00a0\u00bb][et_pb_column type=\u00a0\u00bb4_4&Prime; _builder_version=\u00a0\u00bb4.16&Prime; background_color=\u00a0\u00bbrgba(0,0,0,0)\u00a0\u00bb custom_padding=\u00a0\u00bb||0px||false|false\u00a0\u00bb custom_padding_tablet=\u00a0\u00bb0px||||false|false\u00a0\u00bb custom_padding_phone=\u00a0\u00bb|||25px|false|false\u00a0\u00bb custom_padding_last_edited=\u00a0\u00bbon|tablet\u00a0\u00bb global_colors_info=\u00a0\u00bb{}\u00a0\u00bb][et_pb_sidebar orientation=\u00a0\u00bbright\u00a0\u00bb area=\u00a0\u00bbet_pb_widget_area_10&Prime; show_border=\u00a0\u00bboff\u00a0\u00bb admin_label=\u00a0\u00bbSprachwahl\u00a0\u00bb module_class=\u00a0\u00bbbtn-sprachen\u00a0\u00bb _builder_version=\u00a0\u00bb4.20.2&Prime; _module_preset=\u00a0\u00bbdefault\u00a0\u00bb header_text_align=\u00a0\u00bbright\u00a0\u00bb body_text_align=\u00a0\u00bbright\u00a0\u00bb background_enable_color=\u00a0\u00bboff\u00a0\u00bb position_origin_a=\u00a0\u00bbtop_right\u00a0\u00bb position_origin_r=\u00a0\u00bbtop_right\u00a0\u00bb horizontal_offset_tablet=\u00a0\u00bb\u00a0\u00bb horizontal_offset_phone=\u00a0\u00bb\u00a0\u00bb horizontal_offset_last_edited=\u00a0\u00bbon|tablet\u00a0\u00bb position_origin_a_tablet=\u00a0\u00bb\u00a0\u00bb position_origin_a_phone=\u00a0\u00bb\u00a0\u00bb position_origin_a_last_edited=\u00a0\u00bbon|tablet\u00a0\u00bb position_origin_f_tablet=\u00a0\u00bb\u00a0\u00bb position_origin_f_phone=\u00a0\u00bb\u00a0\u00bb position_origin_f_last_edited=\u00a0\u00bbon|tablet\u00a0\u00bb position_origin_r_tablet=\u00a0\u00bb\u00a0\u00bb position_origin_r_phone=\u00a0\u00bb\u00a0\u00bb position_origin_r_last_edited=\u00a0\u00bbon|tablet\u00a0\u00bb text_orientation=\u00a0\u00bbright\u00a0\u00bb min_height=\u00a0\u00bb40px\u00a0\u00bb height=\u00a0\u00bb40px\u00a0\u00bb custom_margin=\u00a0\u00bb||||false|false\u00a0\u00bb custom_margin_tablet=\u00a0\u00bb0px|0px|||false|false\u00a0\u00bb custom_margin_phone=\u00a0\u00bb|0px|||false|false\u00a0\u00bb custom_margin_last_edited=\u00a0\u00bbon|tablet\u00a0\u00bb custom_padding=\u00a0\u00bb|0px||0px|false|true\u00a0\u00bb custom_padding_tablet=\u00a0\u00bb|30px|||false|false\u00a0\u00bb custom_padding_phone=\u00a0\u00bb0px|10px|||false|false\u00a0\u00bb custom_padding_last_edited=\u00a0\u00bbon|tablet\u00a0\u00bb background_last_edited=\u00a0\u00bbon|tablet\u00a0\u00bb background_enable_color_tablet=\u00a0\u00bboff\u00a0\u00bb positioning_tablet=\u00a0\u00bbabsolute\u00a0\u00bb positioning_phone=\u00a0\u00bb\u00a0\u00bb positioning_last_edited=\u00a0\u00bbon|tablet\u00a0\u00bb module_alignment_tablet=\u00a0\u00bbright\u00a0\u00bb module_alignment_phone=\u00a0\u00bb\u00a0\u00bb module_alignment_last_edited=\u00a0\u00bbon|phone\u00a0\u00bb custom_css_main_element=\u00a0\u00bb||\u00a0\u00bb custom_css_widget=\u00a0\u00bbwidth:100% !important;\u00a0\u00bb global_colors_info=\u00a0\u00bb{}\u00a0\u00bb][\/et_pb_sidebar][et_pb_search placeholder=\u00a0\u00bb| Saisir un terme de recherche\u00a0\u00bb placeholder_color=\u00a0\u00bb#999999&Prime; disabled_on=\u00a0\u00bbon|on|off\u00a0\u00bb admin_label=\u00a0\u00bbSuche PC\u00a0\u00bb module_class=\u00a0\u00bbsuche\u00a0\u00bb _builder_version=\u00a0\u00bb4.20.2&Prime; _module_preset=\u00a0\u00bbdefault\u00a0\u00bb form_field_background_color=\u00a0\u00bbRGBA(0,0,0,0)\u00a0\u00bb form_field_focus_background_color=\u00a0\u00bbRGBA(0,0,0,0)\u00a0\u00bb button_font_size=\u00a0\u00bb0px\u00a0\u00bb background_enable_color=\u00a0\u00bboff\u00a0\u00bb position_origin_r=\u00a0\u00bbtop_right\u00a0\u00bb z_index=\u00a0\u00bb2&Prime; width=\u00a0\u00bb100%\u00a0\u00bb width_tablet=\u00a0\u00bb\u00a0\u00bb width_phone=\u00a0\u00bb70%\u00a0\u00bb width_last_edited=\u00a0\u00bbon|phone\u00a0\u00bb custom_margin=\u00a0\u00bb11px|||0px|false|false\u00a0\u00bb custom_margin_tablet=\u00a0\u00bb50px|55%|0px|0px|false|false\u00a0\u00bb custom_margin_phone=\u00a0\u00bb50px|0%||0px|false|false\u00a0\u00bb custom_margin_last_edited=\u00a0\u00bbon|phone\u00a0\u00bb custom_padding=\u00a0\u00bb1em|0em|1em|0em|false|false\u00a0\u00bb border_width_all=\u00a0\u00bb0px\u00a0\u00bb border_color_bottom=\u00a0\u00bb#eaeaea\u00a0\u00bb border_color_left=\u00a0\u00bb#eaeaea\u00a0\u00bb global_colors_info=\u00a0\u00bb{}\u00a0\u00bb][\/et_pb_search][\/et_pb_column][\/et_pb_row][et_pb_row column_structure=\u00a0\u00bb1_4,3_4&Prime; use_custom_gutter=\u00a0\u00bbon\u00a0\u00bb custom_padding_last_edited=\u00a0\u00bbon|tablet\u00a0\u00bb _builder_version=\u00a0\u00bb4.20.2&Prime; background_enable_color=\u00a0\u00bboff\u00a0\u00bb background_enable_image=\u00a0\u00bboff\u00a0\u00bb background_size=\u00a0\u00bbinitial\u00a0\u00bb background_position=\u00a0\u00bbbottom_center\u00a0\u00bb background_repeat=\u00a0\u00bbrepeat-x\u00a0\u00bb width=\u00a0\u00bb100%\u00a0\u00bb custom_margin=\u00a0\u00bb0px||0px||false|true\u00a0\u00bb custom_margin_tablet=\u00a0\u00bb||||false|true\u00a0\u00bb custom_margin_phone=\u00a0\u00bb0px|0px|0px|0px|false|true\u00a0\u00bb custom_margin_last_edited=\u00a0\u00bbon|tablet\u00a0\u00bb custom_padding=\u00a0\u00bb0px|0px|0px|0px|false|true\u00a0\u00bb custom_padding_tablet=\u00a0\u00bb40px||0px||false|true\u00a0\u00bb custom_padding_phone=\u00a0\u00bb30px||||false|true\u00a0\u00bb background_last_edited=\u00a0\u00bbon|tablet\u00a0\u00bb background_enable_color_tablet=\u00a0\u00bboff\u00a0\u00bb border_width_top=\u00a0\u00bb0px\u00a0\u00bb border_color_top=\u00a0\u00bb#edeff0&Prime; border_color_bottom=\u00a0\u00bb#c4c7c9&Prime; saved_tabs=\u00a0\u00bball\u00a0\u00bb global_colors_info=\u00a0\u00bb{}\u00a0\u00bb][et_pb_column type=\u00a0\u00bb1_4&Prime; _builder_version=\u00a0\u00bb4.16&Prime; background_color=\u00a0\u00bbrgba(0,0,0,0)\u00a0\u00bb custom_padding=\u00a0\u00bb||0px||false|false\u00a0\u00bb custom_padding_tablet=\u00a0\u00bb||||false|false\u00a0\u00bb custom_padding_phone=\u00a0\u00bb|||25px|false|false\u00a0\u00bb custom_padding_last_edited=\u00a0\u00bbon|tablet\u00a0\u00bb global_colors_info=\u00a0\u00bb{}\u00a0\u00bb][et_pb_image src=\u00a0\u00bbhttps:\/\/frankfurt.bdue-hessen.de\/wp-content\/uploads\/sites\/3\/2021\/05\/bdue_logo_he_frankfurt_text_re_co_pos_rgb.png\u00a0\u00bb alt=\u00a0\u00bbLogo BD\u00dc Hessen, groupe r\u00e9gional francfort \u00a0\u00bb title_text=\u00a0\u00bbretour \u00e0 la page d&apos;accueil\u00a0\u00bb url=\u00a0\u00bbhttps:\/\/frankfurt.bdue-hessen.de\/fr\/\u00a0\u00bb admin_label=\u00a0\u00bbLogo\u00a0\u00bb module_class=\u00a0\u00bblogo\u00a0\u00bb _builder_version=\u00a0\u00bb4.20.2&Prime; background_color=\u00a0\u00bbRGBA(0,0,0,0)\u00a0\u00bb width_tablet=\u00a0\u00bb\u00a0\u00bb width_phone=\u00a0\u00bb100%\u00a0\u00bb width_last_edited=\u00a0\u00bbon|phone\u00a0\u00bb module_alignment=\u00a0\u00bbleft\u00a0\u00bb custom_margin=\u00a0\u00bb|0px|0px|0px|false|false\u00a0\u00bb custom_margin_tablet=\u00a0\u00bb-15px|||0px|false|false\u00a0\u00bb custom_margin_phone=\u00a0\u00bb0px|0px|0px||false|false\u00a0\u00bb custom_margin_last_edited=\u00a0\u00bbon|phone\u00a0\u00bb custom_padding=\u00a0\u00bb20px|20px|0px|0px|false|false\u00a0\u00bb custom_padding_tablet=\u00a0\u00bb||||false|false\u00a0\u00bb custom_padding_phone=\u00a0\u00bb40px|20px|0px||false|false\u00a0\u00bb custom_padding_last_edited=\u00a0\u00bbon|phone\u00a0\u00bb global_colors_info=\u00a0\u00bb{}\u00a0\u00bb][\/et_pb_image][\/et_pb_column][et_pb_column type=\u00a0\u00bb3_4&Prime; _builder_version=\u00a0\u00bb4.16&Prime; custom_padding=\u00a0\u00bb0px|0px|0px|0px|false|true\u00a0\u00bb border_width_top=\u00a0\u00bb1px\u00a0\u00bb border_color_top=\u00a0\u00bb#eaeaea\u00a0\u00bb border_width_top_tablet=\u00a0\u00bb0px\u00a0\u00bb border_width_top_phone=\u00a0\u00bb\u00a0\u00bb border_width_top_last_edited=\u00a0\u00bbon|phone\u00a0\u00bb global_colors_info=\u00a0\u00bb{}\u00a0\u00bb][et_pb_image src=\u00a0\u00bbhttps:\/\/frankfurt.bdue-hessen.de\/wp-content\/uploads\/sites\/3\/2022\/10\/bdue-he-header-rg-frankfurt_2560x459.png\u00a0\u00bb alt=\u00a0\u00bbSkyline Francfort sur le Main, BD\u00dc, groupe r\u00e9gional de Francfort \u00a0\u00bb title_text=\u00a0\u00bbSkyline Francfort sur le Main\u00a0\u00bb force_fullwidth=\u00a0\u00bbon\u00a0\u00bb disabled_on=\u00a0\u00bboff|off|off\u00a0\u00bb admin_label=\u00a0\u00bbSkyline\u00a0\u00bb _builder_version=\u00a0\u00bb4.16&Prime; background_enable_color=\u00a0\u00bboff\u00a0\u00bb max_width_tablet=\u00a0\u00bb100%\u00a0\u00bb max_width_phone=\u00a0\u00bb\u00a0\u00bb max_width_last_edited=\u00a0\u00bbon|tablet\u00a0\u00bb custom_margin=\u00a0\u00bb0px||-1px||false|false\u00a0\u00bb custom_margin_tablet=\u00a0\u00bb-20px|0px||0px|false|false\u00a0\u00bb custom_margin_phone=\u00a0\u00bb25px||-1px|0px|false|false\u00a0\u00bb custom_margin_last_edited=\u00a0\u00bbon|desktop\u00a0\u00bb custom_padding=\u00a0\u00bb0px|0px|0px|0px|false|false\u00a0\u00bb border_color_bottom=\u00a0\u00bb#438ccb\u00a0\u00bb border_width_all_tablet=\u00a0\u00bb\u00a0\u00bb border_width_all_phone=\u00a0\u00bb\u00a0\u00bb border_width_all_last_edited=\u00a0\u00bbon|tablet\u00a0\u00bb border_width_top_tablet=\u00a0\u00bb0px\u00a0\u00bb border_width_top_phone=\u00a0\u00bb\u00a0\u00bb border_width_top_last_edited=\u00a0\u00bbon|phone\u00a0\u00bb global_colors_info=\u00a0\u00bb{}\u00a0\u00bb][\/et_pb_image][\/et_pb_column][\/et_pb_row][\/et_pb_section][et_pb_section fb_built=\u00a0\u00bb1&Prime; fullwidth=\u00a0\u00bbon\u00a0\u00bb custom_padding_last_edited=\u00a0\u00bbon|desktop\u00a0\u00bb _builder_version=\u00a0\u00bb4.16&Prime; _module_preset=\u00a0\u00bbdefault\u00a0\u00bb custom_margin=\u00a0\u00bb||||false|false\u00a0\u00bb custom_margin_tablet=\u00a0\u00bb0px||0px||false|true\u00a0\u00bb custom_margin_phone=\u00a0\u00bb0px||||false|false\u00a0\u00bb custom_margin_last_edited=\u00a0\u00bbon|tablet\u00a0\u00bb custom_padding=\u00a0\u00bb0px|0px|0px|0px|false|true\u00a0\u00bb custom_padding_tablet=\u00a0\u00bb\u00a0\u00bb custom_padding_phone=\u00a0\u00bb||0px||false|false\u00a0\u00bb border_width_top=\u00a0\u00bb1px\u00a0\u00bb border_color_top=\u00a0\u00bb#005eb8&Prime; saved_tabs=\u00a0\u00bball\u00a0\u00bb global_colors_info=\u00a0\u00bb{}\u00a0\u00bb][et_pb_fullwidth_menu menu_id=\u00a0\u00bb8&Prime; menu_style=\u00a0\u00bbcentered\u00a0\u00bb fullwidth_menu=\u00a0\u00bboff\u00a0\u00bb module_class=\u00a0\u00bbhauptmenu\u00a0\u00bb _builder_version=\u00a0\u00bb4.16&Prime; _module_preset=\u00a0\u00bbdefault\u00a0\u00bb menu_font_size=\u00a0\u00bb16px\u00a0\u00bb background_color=\u00a0\u00bb#edeff0&Prime; height=\u00a0\u00bb35px\u00a0\u00bb custom_margin=\u00a0\u00bb||||false|false\u00a0\u00bb custom_padding=\u00a0\u00bb0px||||false|false\u00a0\u00bb global_colors_info=\u00a0\u00bb{}\u00a0\u00bb][\/et_pb_fullwidth_menu][\/et_pb_section][et_pb_section fb_built=\u00a0\u00bb1&Prime; make_equal=\u00a0\u00bbon\u00a0\u00bb use_custom_gutter=\u00a0\u00bbon\u00a0\u00bb gutter_width=\u00a0\u00bb2&Prime; specialty=\u00a0\u00bbon\u00a0\u00bb module_class=\u00a0\u00bbspecialsection-person\u00a0\u00bb _builder_version=\u00a0\u00bb4.23.1&Prime; _module_preset=\u00a0\u00bbdefault\u00a0\u00bb background_color=\u00a0\u00bbRGBA(0,0,0,0)\u00a0\u00bb custom_margin=\u00a0\u00bb||100px||false|false\u00a0\u00bb custom_padding=\u00a0\u00bb||100px||false|false\u00a0\u00bb global_colors_info=\u00a0\u00bb{}\u00a0\u00bb][et_pb_column type=\u00a0\u00bb1_4&Prime; _builder_version=\u00a0\u00bb4.16&Prime; custom_padding=\u00a0\u00bb|||\u00a0\u00bb global_colors_info=\u00a0\u00bb{}\u00a0\u00bb custom_padding__hover=\u00a0\u00bb|||\u00a0\u00bb][et_pb_sidebar area=\u00a0\u00bbet_pb_widget_area_8&Prime; admin_label=\u00a0\u00bbNav Sprachen\u00a0\u00bb module_class=\u00a0\u00bbmenuleft\u00a0\u00bb _builder_version=\u00a0\u00bb4.23.1&Prime; header_text_align=\u00a0\u00bbcenter\u00a0\u00bb header_text_color=\u00a0\u00bb#FFFFFF\u00a0\u00bb header_font_size=\u00a0\u00bb16px\u00a0\u00bb body_font_size=\u00a0\u00bb16px\u00a0\u00bb width=\u00a0\u00bb100%\u00a0\u00bb custom_margin=\u00a0\u00bb|0px|0px|0px|false|true\u00a0\u00bb custom_margin_tablet=\u00a0\u00bb|0px||0px|false|true\u00a0\u00bb custom_margin_phone=\u00a0\u00bb\u00a0\u00bb custom_margin_last_edited=\u00a0\u00bbon|tablet\u00a0\u00bb custom_padding=\u00a0\u00bb|0px|11px|0px|false|false\u00a0\u00bb custom_padding_tablet=\u00a0\u00bb|0px||0px|false|true\u00a0\u00bb custom_padding_phone=\u00a0\u00bb\u00a0\u00bb custom_padding_last_edited=\u00a0\u00bbon|tablet\u00a0\u00bb header_text_color_tablet=\u00a0\u00bb\u00a0\u00bb header_text_color_phone=\u00a0\u00bb#FFFFFF\u00a0\u00bb header_text_color_last_edited=\u00a0\u00bbon|phone\u00a0\u00bb header_font_size_tablet=\u00a0\u00bb\u00a0\u00bb header_font_size_phone=\u00a0\u00bb15px\u00a0\u00bb header_font_size_last_edited=\u00a0\u00bbon|phone\u00a0\u00bb border_color_right=\u00a0\u00bbRGBA(0,0,0,0)\u00a0\u00bb saved_tabs=\u00a0\u00bball\u00a0\u00bb global_colors_info=\u00a0\u00bb{}\u00a0\u00bb][\/et_pb_sidebar][et_pb_text disabled_on=\u00a0\u00bbon|on|off\u00a0\u00bb admin_label=\u00a0\u00bb\u00dcberschrift Kontakt Regionalgruppenleitung\u00a0\u00bb _builder_version=\u00a0\u00bb4.16&Prime; _module_preset=\u00a0\u00bbdefault\u00a0\u00bb text_text_color=\u00a0\u00bb#FFFFFF\u00a0\u00bb header_2_text_color=\u00a0\u00bb#FFFFFF\u00a0\u00bb header_3_font=\u00a0\u00bb|600|||||||\u00a0\u00bb header_3_font_size=\u00a0\u00bb18px\u00a0\u00bb header_4_font=\u00a0\u00bb|600|||||||\u00a0\u00bb header_4_font_size=\u00a0\u00bb16px\u00a0\u00bb header_5_font=\u00a0\u00bb|600|||||||\u00a0\u00bb background_color=\u00a0\u00bb#edeff0&Prime; text_orientation=\u00a0\u00bbcenter\u00a0\u00bb custom_margin=\u00a0\u00bb||0px||false|false\u00a0\u00bb custom_padding=\u00a0\u00bb10px|5px|0px|5px|false|false\u00a0\u00bb link_option_url=\u00a0\u00bbhttps:\/\/frankfurt.bdue-hessen.de\/fr\/felicitas-maria-kraut\/\u00a0\u00bb border_color_all=\u00a0\u00bbRGBA(0,0,0,0)\u00a0\u00bb global_colors_info=\u00a0\u00bb{}\u00a0\u00bb]<\/p>\n<h5>Contact Responsable du groupe r\u00e9gional<\/h5>\n<p>[\/et_pb_text][et_pb_text disabled_on=\u00a0\u00bbon|on|off\u00a0\u00bb admin_label=\u00a0\u00bbText Ansprechpartner\u00a0\u00bb _builder_version=\u00a0\u00bb4.16&Prime; _module_preset=\u00a0\u00bbdefault\u00a0\u00bb text_font=\u00a0\u00bb||||||||\u00a0\u00bb text_font_size=\u00a0\u00bb15px\u00a0\u00bb text_line_height=\u00a0\u00bb1.3em\u00a0\u00bb header_6_font=\u00a0\u00bbicons||||||||\u00a0\u00bb custom_padding=\u00a0\u00bb5px|5px|5px|5px|false|false\u00a0\u00bb border_width_right=\u00a0\u00bb3px\u00a0\u00bb border_color_right=\u00a0\u00bb#edeff0&Prime; border_width_bottom=\u00a0\u00bb3px\u00a0\u00bb border_color_bottom=\u00a0\u00bb#edeff0&Prime; border_width_left=\u00a0\u00bb3px\u00a0\u00bb border_color_left=\u00a0\u00bb#edeff0&Prime; global_colors_info=\u00a0\u00bb{}\u00a0\u00bb]<\/p>\n<p>Votre interlocutrice pour les traducteurs et les interpr\u00e8tes qui souhaitent visiter notre groupe r\u00e9gional:<\/p>\n<p><strong>Felicitas Kraut<\/strong><\/p>\n<p style=\"text-align: left;\"><a href=\"tel:+496991507550\" title=\"Felicitas Kraut anrufen\">+49 (0)69 91507550<\/a><\/p>\n<p style=\"text-align: left;\"><a href=\"mailto:k&#114;aut&#64;bd&#117;&#101;.d&#101;\">kr&#97;u&#116;&#64;&#98;&#100;u&#101;.de<\/a><\/p>\n<p>[\/et_pb_text][\/et_pb_column][et_pb_column type=\u00a0\u00bb3_4&Prime; specialty_columns=\u00a0\u00bb3&Prime; _builder_version=\u00a0\u00bb4.16&Prime; custom_padding=\u00a0\u00bb|||\u00a0\u00bb global_colors_info=\u00a0\u00bb{}\u00a0\u00bb custom_padding__hover=\u00a0\u00bb|||\u00a0\u00bb][et_pb_row_inner _builder_version=\u00a0\u00bb4.16&Prime; _module_preset=\u00a0\u00bbdefault\u00a0\u00bb custom_margin=\u00a0\u00bb||0px||false|false\u00a0\u00bb custom_padding=\u00a0\u00bb||0px||false|false\u00a0\u00bb saved_tabs=\u00a0\u00bball\u00a0\u00bb global_colors_info=\u00a0\u00bb{}\u00a0\u00bb][et_pb_column_inner _builder_version=\u00a0\u00bb4.16&Prime; _module_preset=\u00a0\u00bbdefault\u00a0\u00bb global_colors_info=\u00a0\u00bb{}\u00a0\u00bb][et_pb_text _builder_version=\u00a0\u00bb4.23.1&Prime; _module_preset=\u00a0\u00bbdefault\u00a0\u00bb global_colors_info=\u00a0\u00bb{}\u00a0\u00bb]\u2794 Pour plus de d\u00e9tails sur chaque personne, veuillez cliquer sur le mosa\u00efque de personnes\u2026[\/et_pb_text][\/et_pb_column_inner][\/et_pb_row_inner][et_pb_row_inner column_structure=\u00a0\u00bb1_3,1_3,1_3&Prime; use_custom_gutter=\u00a0\u00bbon\u00a0\u00bb gutter_width=\u00a0\u00bb2&Prime; make_equal=\u00a0\u00bbon\u00a0\u00bb module_class=\u00a0\u00bbcontainer-kacheln\u00a0\u00bb _builder_version=\u00a0\u00bb4.16&Prime; _module_preset=\u00a0\u00bbdefault\u00a0\u00bb custom_margin=\u00a0\u00bb||30px||false|false\u00a0\u00bb custom_margin_tablet=\u00a0\u00bb||0px||false|false\u00a0\u00bb custom_margin_phone=\u00a0\u00bb||0px||false|true\u00a0\u00bb custom_margin_last_edited=\u00a0\u00bbon|phone\u00a0\u00bb custom_padding=\u00a0\u00bb||0px||false|false\u00a0\u00bb global_colors_info=\u00a0\u00bb{}\u00a0\u00bb][et_pb_column_inner type=\u00a0\u00bb1_3&Prime; saved_specialty_column_type=\u00a0\u00bb3_4&Prime; module_class=\u00a0\u00bbperson\u00a0\u00bb _builder_version=\u00a0\u00bb4.16&Prime; _module_preset=\u00a0\u00bbdefault\u00a0\u00bb background_color=\u00a0\u00bb#FFFFFF\u00a0\u00bb custom_padding=\u00a0\u00bb||||false|false\u00a0\u00bb border_width_all=\u00a0\u00bb2px\u00a0\u00bb border_color_all=\u00a0\u00bb#00abae\u00a0\u00bb border_width_top=\u00a0\u00bb0px\u00a0\u00bb global_colors_info=\u00a0\u00bb{}\u00a0\u00bb][et_pb_text admin_label=\u00a0\u00bbMargit Bierwirth\u00a0\u00bb _builder_version=\u00a0\u00bb4.23.1&Prime; _dynamic_attributes=\u00a0\u00bblink_option_url\u00a0\u00bb _module_preset=\u00a0\u00bbdefault\u00a0\u00bb text_text_color=\u00a0\u00bb#FFFFFF\u00a0\u00bb header_2_text_color=\u00a0\u00bb#FFFFFF\u00a0\u00bb background_color=\u00a0\u00bb#00abae\u00a0\u00bb text_orientation=\u00a0\u00bbcenter\u00a0\u00bb custom_margin=\u00a0\u00bb||0px||false|false\u00a0\u00bb custom_padding=\u00a0\u00bb5px||0px||false|false\u00a0\u00bb link_option_url=\u00a0\u00bb@ET-DC@eyJkeW5hbWljIjp0cnVlLCJjb250ZW50IjoicG9zdF9saW5rX3VybF9wYWdlIiwic2V0dGluZ3MiOnsicG9zdF9pZCI6IjI4MTUyIn19@\u00a0\u00bb border_color_all=\u00a0\u00bbRGBA(0,0,0,0)\u00a0\u00bb locked=\u00a0\u00bboff\u00a0\u00bb global_colors_info=\u00a0\u00bb{}\u00a0\u00bb]<\/p>\n<h2>Margit Bierwirth<\/h2>\n<p>[\/et_pb_text][et_pb_text admin_label=\u00a0\u00bbDetails Bierwirth\u00a0\u00bb _builder_version=\u00a0\u00bb4.23.1&Prime; _dynamic_attributes=\u00a0\u00bblink_option_url\u00a0\u00bb _module_preset=\u00a0\u00bbdefault\u00a0\u00bb header_6_font=\u00a0\u00bbicons||||||||\u00a0\u00bb background_color=\u00a0\u00bb#FFFFFF\u00a0\u00bb custom_margin=\u00a0\u00bb||30px||false|false\u00a0\u00bb custom_margin_tablet=\u00a0\u00bb\u00a0\u00bb custom_margin_phone=\u00a0\u00bb||30px||false|false\u00a0\u00bb custom_margin_last_edited=\u00a0\u00bbon|phone\u00a0\u00bb custom_padding=\u00a0\u00bb15px|10px|10px|10px|false|false\u00a0\u00bb link_option_url=\u00a0\u00bb@ET-DC@eyJkeW5hbWljIjp0cnVlLCJjb250ZW50IjoicG9zdF9saW5rX3VybF9wYWdlIiwic2V0dGluZ3MiOnsicG9zdF9pZCI6IjI4MTUyIn19@\u00a0\u00bb hover_enabled=\u00a0\u00bb0&Prime; border_width_all=\u00a0\u00bb0px\u00a0\u00bb border_color_all=\u00a0\u00bb#00abae\u00a0\u00bb border_width_top=\u00a0\u00bb0px\u00a0\u00bb locked=\u00a0\u00bboff\u00a0\u00bb global_colors_info=\u00a0\u00bb{}\u00a0\u00bb sticky_enabled=\u00a0\u00bb0&Prime;]<\/p>\n<p style=\"text-align: center;\"><img loading=\"lazy\" decoding=\"async\" src=\"https:\/\/frankfurt.bdue-hessen.de\/wp-content\/uploads\/sites\/3\/2024\/01\/Margit-Bierwirth_140x160.jpg\" alt=\"Margit Bierwirth\" class=\"wp-image-28157 alignnone size-thumbnail\" width=\"140\" height=\"160\" \/><\/p>\n<p>M.A. Romanistik<br \/>Allgemein erm\u00e4chtigte \u00dcbersetzerin f\u00fcr Spanisch<\/p>\n<p><strong>Bierwirth \u00dcbersetzungen<\/strong><br \/>Grempstrasse 14<br \/>60487 Frankfurt<\/p>\n<p><strong>Especialidades:<\/strong> Documentos, certificados, derecho, administraci\u00f3n<\/p>\n<p>M: <a href=\"tel:+4915110648397\">+49 (0)151 106483972<\/a><\/p>\n<a href=\"mailto:&#98;i&#101;r&#119;&#105;&#114;th&#45;u&#101;b&#101;&#114;&#115;e&#116;z&#117;ng&#101;&#110;&#64;t-&#111;&#110;li&#110;e.d&#101;\">bi&#101;r&#119;&#105;&#114;&#116;h&#45;&#117;e&#98;er&#115;e&#116;zu&#110;&#103;en&#64;t&#45;&#111;n&#108;in&#101;.&#100;e<\/a>\n<p>[\/et_pb_text][\/et_pb_column_inner][et_pb_column_inner type=\u00a0\u00bb1_3&Prime; saved_specialty_column_type=\u00a0\u00bb3_4&Prime; module_class=\u00a0\u00bbperson\u00a0\u00bb _builder_version=\u00a0\u00bb4.16&Prime; _module_preset=\u00a0\u00bbdefault\u00a0\u00bb background_color=\u00a0\u00bb#FFFFFF\u00a0\u00bb custom_padding_tablet=\u00a0\u00bb||||false|false\u00a0\u00bb custom_padding_phone=\u00a0\u00bb\u00a0\u00bb custom_padding_last_edited=\u00a0\u00bbon|tablet\u00a0\u00bb border_width_all=\u00a0\u00bb2px\u00a0\u00bb border_color_all=\u00a0\u00bb#00abae\u00a0\u00bb border_width_top=\u00a0\u00bb0px\u00a0\u00bb global_colors_info=\u00a0\u00bb{}\u00a0\u00bb][et_pb_text admin_label=\u00a0\u00bbAriane von Gersdorff\u00a0\u00bb _builder_version=\u00a0\u00bb4.23.1&Prime; _module_preset=\u00a0\u00bbdefault\u00a0\u00bb text_text_color=\u00a0\u00bb#FFFFFF\u00a0\u00bb header_2_text_color=\u00a0\u00bb#FFFFFF\u00a0\u00bb background_color=\u00a0\u00bb#00abae\u00a0\u00bb text_orientation=\u00a0\u00bbcenter\u00a0\u00bb custom_margin=\u00a0\u00bb||0px||false|false\u00a0\u00bb custom_padding=\u00a0\u00bb5px|5px|0px|5px|false|false\u00a0\u00bb link_option_url=\u00a0\u00bbhttps:\/\/frankfurt.bdue-hessen.de\/fr\/ariane-von-gersdorff\/\u00a0\u00bb border_color_all=\u00a0\u00bbRGBA(0,0,0,0)\u00a0\u00bb global_colors_info=\u00a0\u00bb{}\u00a0\u00bb]<\/p>\n<h2>Ariane von Gersdorff<\/h2>\n<p>[\/et_pb_text][et_pb_text admin_label=\u00a0\u00bbDetails Ariane von Gersdorff\u00a0\u00bb _builder_version=\u00a0\u00bb4.23.1&Prime; _module_preset=\u00a0\u00bbdefault\u00a0\u00bb header_6_font=\u00a0\u00bbicons||||||||\u00a0\u00bb background_color=\u00a0\u00bb#FFFFFF\u00a0\u00bb custom_margin=\u00a0\u00bb||0px||false|false\u00a0\u00bb custom_padding=\u00a0\u00bb10px|10px|5px|10px|false|false\u00a0\u00bb link_option_url=\u00a0\u00bbhttps:\/\/frankfurt.bdue-hessen.de\/fr\/ariane-von-gersdorff\/\u00a0\u00bb border_width_all=\u00a0\u00bb0px\u00a0\u00bb border_color_all=\u00a0\u00bb#00abae\u00a0\u00bb border_width_top=\u00a0\u00bb0px\u00a0\u00bb global_colors_info=\u00a0\u00bb{}\u00a0\u00bb]<\/p>\n<p style=\"text-align: center;\"><strong><img loading=\"lazy\" decoding=\"async\" src=\"https:\/\/frankfurt.bdue-hessen.de\/wp-content\/uploads\/sites\/3\/2023\/03\/ariane-von-gersdorf-1-140x150.jpg\" alt=\"Ariane von Gersdorf\" class=\"wp-image-20148 alignnone size-thumbnail\" width=\"140\" height=\"150\" \/><\/strong><\/p>\n<p style=\"text-align: left;\"><strong>AVG \u00dcbersetzungen<\/strong><br \/>K\u00f6nigsteiner Str. 142<br \/>65929 Frankfurt am Main<\/p>\n<p style=\"text-align: left;\"><strong>Fachgebiete: <\/strong>Recht, Pers\u00f6nliche Urkunden<\/p>\n<p>T: <a href=\"tel:+496915057625\">+49 (0)69 15057625<\/a><br \/><a href=\"mailto:i&#110;f&#111;&#64;a&#118;&#103;t&#114;an&#115;&#108;a&#116;&#105;o&#110;s&#46;de\">&#105;&#110;f&#111;&#64;&#97;vg&#116;&#114;&#97;&#110;&#115;&#108;atio&#110;&#115;.&#100;&#101;<\/a><\/p>\n<p>[\/et_pb_text][\/et_pb_column_inner][et_pb_column_inner type=\u00a0\u00bb1_3&Prime; saved_specialty_column_type=\u00a0\u00bb3_4&Prime; module_class=\u00a0\u00bbperson\u00a0\u00bb _builder_version=\u00a0\u00bb4.16&Prime; _module_preset=\u00a0\u00bbdefault\u00a0\u00bb background_color=\u00a0\u00bb#FFFFFF\u00a0\u00bb border_width_all=\u00a0\u00bb2px\u00a0\u00bb border_color_all=\u00a0\u00bb#00abae\u00a0\u00bb border_width_top=\u00a0\u00bb0px\u00a0\u00bb global_colors_info=\u00a0\u00bb{}\u00a0\u00bb][et_pb_text admin_label=\u00a0\u00bbBernd Kohrmann\u00a0\u00bb _builder_version=\u00a0\u00bb4.23.1&Prime; _module_preset=\u00a0\u00bbdefault\u00a0\u00bb text_text_color=\u00a0\u00bb#FFFFFF\u00a0\u00bb header_2_text_color=\u00a0\u00bb#FFFFFF\u00a0\u00bb background_color=\u00a0\u00bb#00abae\u00a0\u00bb text_orientation=\u00a0\u00bbcenter\u00a0\u00bb custom_margin=\u00a0\u00bb||0px||false|false\u00a0\u00bb custom_padding=\u00a0\u00bb5px||0px||false|false\u00a0\u00bb link_option_url=\u00a0\u00bbhttps:\/\/frankfurt.bdue-hessen.de\/fr\/bernd-kohrmann\/\u00a0\u00bb border_color_all=\u00a0\u00bbRGBA(0,0,0,0)\u00a0\u00bb global_colors_info=\u00a0\u00bb{}\u00a0\u00bb]<\/p>\n<h2>Bernd Kohrmann<\/h2>\n<p>[\/et_pb_text][et_pb_text admin_label=\u00a0\u00bbDetails Kohrmann\u00a0\u00bb _builder_version=\u00a0\u00bb4.23.1&Prime; _module_preset=\u00a0\u00bbdefault\u00a0\u00bb header_6_font=\u00a0\u00bbicons||||||||\u00a0\u00bb background_color=\u00a0\u00bb#FFFFFF\u00a0\u00bb custom_margin=\u00a0\u00bb||30px||false|false\u00a0\u00bb custom_margin_tablet=\u00a0\u00bb\u00a0\u00bb custom_margin_phone=\u00a0\u00bb||30px||false|false\u00a0\u00bb custom_margin_last_edited=\u00a0\u00bbon|phone\u00a0\u00bb custom_padding=\u00a0\u00bb15px|10px|10px|10px|false|false\u00a0\u00bb link_option_url=\u00a0\u00bbhttps:\/\/frankfurt.bdue-hessen.de\/fr\/bernd-kohrmann\/\u00a0\u00bb border_width_all=\u00a0\u00bb0px\u00a0\u00bb border_color_all=\u00a0\u00bb#00abae\u00a0\u00bb border_width_top=\u00a0\u00bb0px\u00a0\u00bb global_colors_info=\u00a0\u00bb{}\u00a0\u00bb]<\/p>\n<p style=\"text-align: center;\"><strong><img loading=\"lazy\" decoding=\"async\" src=\"https:\/\/frankfurt.bdue-hessen.de\/wp-content\/uploads\/sites\/3\/2023\/03\/bernd-kohrmann-1-140x150.jpg\" alt=\"Bernd Kohrmann\" class=\"wp-image-20140 alignnone size-thumbnail\" width=\"140\" height=\"150\" \/><\/strong><\/p>\n<p>Dipl. \u00dcbersetzer,<br \/>Dipl. Betriebswirt (FH)<\/p>\n<p>Auf der Hahnau 74<br \/>35781 Weilburg\/Lahn<\/p>\n<p><strong>Fachgebiete:<\/strong> Computer, Informationstechnologie, Waffentechnik, Werbung<\/p>\n<p>T: <a href=\"tel:+496471380012\">+49 (0)6471 380012<\/a><\/p>\n<p>M: <a href=\"tel:+4915772729000\">+49 (0)1577 2729000<\/a><br \/><a href=\"mailto:&#105;t_servic&#101;s&#64;&#116;-&#111;n&#108;&#105;ne&#46;&#100;&#101;\">&#105;&#116;&#95;&#115;e&#114;v&#105;&#99;&#101;&#115;&#64;&#116;-&#111;&#110;&#108;&#105;ne.de<\/a><\/p>\n<p>[\/et_pb_text][\/et_pb_column_inner][\/et_pb_row_inner][et_pb_row_inner column_structure=\u00a0\u00bb1_3,1_3,1_3&Prime; use_custom_gutter=\u00a0\u00bbon\u00a0\u00bb gutter_width=\u00a0\u00bb2&Prime; make_equal=\u00a0\u00bbon\u00a0\u00bb module_class=\u00a0\u00bbcontainer-kacheln\u00a0\u00bb _builder_version=\u00a0\u00bb4.23.1&Prime; _module_preset=\u00a0\u00bbdefault\u00a0\u00bb custom_margin=\u00a0\u00bb||30px||false|false\u00a0\u00bb custom_margin_tablet=\u00a0\u00bb||0px||false|false\u00a0\u00bb custom_margin_phone=\u00a0\u00bb||0px||false|true\u00a0\u00bb custom_margin_last_edited=\u00a0\u00bbon|phone\u00a0\u00bb custom_padding=\u00a0\u00bb||0px||false|false\u00a0\u00bb global_colors_info=\u00a0\u00bb{}\u00a0\u00bb][et_pb_column_inner type=\u00a0\u00bb1_3&Prime; saved_specialty_column_type=\u00a0\u00bb3_4&Prime; module_class=\u00a0\u00bbperson\u00a0\u00bb _builder_version=\u00a0\u00bb4.16&Prime; _module_preset=\u00a0\u00bbdefault\u00a0\u00bb background_color=\u00a0\u00bb#FFFFFF\u00a0\u00bb custom_padding=\u00a0\u00bb||||false|false\u00a0\u00bb border_width_all=\u00a0\u00bb2px\u00a0\u00bb border_color_all=\u00a0\u00bb#00abae\u00a0\u00bb border_width_top=\u00a0\u00bb0px\u00a0\u00bb global_colors_info=\u00a0\u00bb{}\u00a0\u00bb][et_pb_text admin_label=\u00a0\u00bbJochen Pl\u00f6tz\u00a0\u00bb _builder_version=\u00a0\u00bb4.23.1&Prime; _module_preset=\u00a0\u00bbdefault\u00a0\u00bb text_text_color=\u00a0\u00bb#FFFFFF\u00a0\u00bb header_2_text_color=\u00a0\u00bb#FFFFFF\u00a0\u00bb background_color=\u00a0\u00bb#00abae\u00a0\u00bb text_orientation=\u00a0\u00bbcenter\u00a0\u00bb custom_margin=\u00a0\u00bb||0px||false|false\u00a0\u00bb custom_padding=\u00a0\u00bb5px||0px||false|false\u00a0\u00bb link_option_url=\u00a0\u00bbhttps:\/\/frankfurt.bdue-hessen.de\/fr\/dr-jochen-ploetz\/\u00a0\u00bb border_color_all=\u00a0\u00bbRGBA(0,0,0,0)\u00a0\u00bb global_colors_info=\u00a0\u00bb{}\u00a0\u00bb]<\/p>\n<h2>Dr. Jochen Pl\u00f6tz<\/h2>\n<p>[\/et_pb_text][et_pb_text admin_label=\u00a0\u00bbDetails Pl\u00f6tz\u00a0\u00bb _builder_version=\u00a0\u00bb4.23.1&Prime; _module_preset=\u00a0\u00bbdefault\u00a0\u00bb header_6_font=\u00a0\u00bbicons||||||||\u00a0\u00bb background_color=\u00a0\u00bb#FFFFFF\u00a0\u00bb custom_margin=\u00a0\u00bb||30px||false|false\u00a0\u00bb custom_margin_tablet=\u00a0\u00bb\u00a0\u00bb custom_margin_phone=\u00a0\u00bb||30px||false|false\u00a0\u00bb custom_margin_last_edited=\u00a0\u00bbon|phone\u00a0\u00bb custom_padding=\u00a0\u00bb15px|10px|10px|10px|false|false\u00a0\u00bb link_option_url=\u00a0\u00bbhttps:\/\/frankfurt.bdue-hessen.de\/fr\/dr-jochen-ploetz\/\u00a0\u00bb border_width_all=\u00a0\u00bb0px\u00a0\u00bb border_color_all=\u00a0\u00bb#00abae\u00a0\u00bb border_width_top=\u00a0\u00bb0px\u00a0\u00bb global_colors_info=\u00a0\u00bb{}\u00a0\u00bb]<\/p>\n<p style=\"text-align: center;\"><strong><img loading=\"lazy\" decoding=\"async\" src=\"https:\/\/frankfurt.bdue-hessen.de\/wp-content\/uploads\/sites\/3\/2023\/03\/jochen-ploetz-140x150.jpg\" alt=\"Jochen Pl\u00f6tz\" class=\"wp-image-20670 alignnone size-thumbnail\" width=\"140\" height=\"150\" \/><\/strong><\/p>\n<p>Staatlich gepr\u00fcfter<br \/>\u00dcbersetzer und Dolmetscher<\/p>\n<p>Rotlintstr. 54<br \/>60316 Frankfurt am Main<\/p>\n<p><strong>Fachgebiete:<\/strong> Recht, Belletristik, Onkologie, Religion (Judaistik), Sprachwissenschaft<\/p>\n<p>T: <a href=\"tel:+4969440670\">+49 (0)69-440670<\/a><\/p>\n<p>M: <a href=\"tel:+4917654554841\">+49 (0)176-54554841<\/a><\/p>\n<a href=\"mailto:&#112;&#108;oe&#116;&#122;&#64;&#102;s&#122;.&#102;ra-uas&#46;d&#101;\">&#112;&#108;&#111;e&#116;&#122;&#64;&#102;&#115;&#122;.&#102;&#114;a-&#117;a&#115;&#46;&#100;&#101;<\/a>\n<p>[\/et_pb_text][\/et_pb_column_inner][et_pb_column_inner type=\u00a0\u00bb1_3&Prime; saved_specialty_column_type=\u00a0\u00bb3_4&Prime; module_class=\u00a0\u00bbperson\u00a0\u00bb _builder_version=\u00a0\u00bb4.23.1&Prime; _module_preset=\u00a0\u00bbdefault\u00a0\u00bb background_color=\u00a0\u00bb#FFFFFF\u00a0\u00bb custom_padding_tablet=\u00a0\u00bb||||false|false\u00a0\u00bb custom_padding_phone=\u00a0\u00bb\u00a0\u00bb custom_padding_last_edited=\u00a0\u00bbon|tablet\u00a0\u00bb border_width_all=\u00a0\u00bb2px\u00a0\u00bb border_color_all=\u00a0\u00bb#00abae\u00a0\u00bb border_width_top=\u00a0\u00bb0px\u00a0\u00bb global_colors_info=\u00a0\u00bb{}\u00a0\u00bb][et_pb_text admin_label=\u00a0\u00bbName Ritschel\u00a0\u00bb _builder_version=\u00a0\u00bb4.23.1&Prime; _module_preset=\u00a0\u00bbdefault\u00a0\u00bb text_text_color=\u00a0\u00bb#FFFFFF\u00a0\u00bb header_2_text_color=\u00a0\u00bb#FFFFFF\u00a0\u00bb background_color=\u00a0\u00bb#00abae\u00a0\u00bb text_orientation=\u00a0\u00bbcenter\u00a0\u00bb custom_margin=\u00a0\u00bb||0px||false|false\u00a0\u00bb custom_padding=\u00a0\u00bb5px||0px||false|false\u00a0\u00bb link_option_url=\u00a0\u00bbhttps:\/\/frankfurt.bdue-hessen.de\/fr\/dr-katarzyna-ritschel\/\u00a0\u00bb border_color_all=\u00a0\u00bbRGBA(0,0,0,0)\u00a0\u00bb global_colors_info=\u00a0\u00bb{}\u00a0\u00bb]<\/p>\n<h2>Dr. Katarzyna Ritschel<\/h2>\n<p>[\/et_pb_text][et_pb_text admin_label=\u00a0\u00bbDetails  Ritschel\u00a0\u00bb _builder_version=\u00a0\u00bb4.23.1&Prime; _module_preset=\u00a0\u00bbdefault\u00a0\u00bb header_6_font=\u00a0\u00bbicons||||||||\u00a0\u00bb background_color=\u00a0\u00bb#FFFFFF\u00a0\u00bb custom_margin=\u00a0\u00bb||0px||false|false\u00a0\u00bb custom_padding=\u00a0\u00bb10px|10px|5px|10px|false|false\u00a0\u00bb link_option_url=\u00a0\u00bbhttps:\/\/frankfurt.bdue-hessen.de\/fr\/dr-katarzyna-ritschel\/\u00a0\u00bb border_width_all=\u00a0\u00bb0px\u00a0\u00bb border_color_all=\u00a0\u00bb#00abae\u00a0\u00bb border_width_top=\u00a0\u00bb0px\u00a0\u00bb global_colors_info=\u00a0\u00bb{}\u00a0\u00bb]<\/p>\n<p style=\"text-align: center;\"><strong><img loading=\"lazy\" decoding=\"async\" src=\"https:\/\/frankfurt.bdue-hessen.de\/wp-content\/uploads\/sites\/3\/2023\/03\/katarzyna-ritschel-1-140x150.jpg\" alt=\"Katarzyna Ritschel\" class=\"wp-image-20060 alignnone size-thumbnail\" width=\"140\" height=\"150\" \/><\/strong><\/p>\n<p style=\"text-align: left;\"><strong>Dr. Ritschel Translations International<\/strong><br \/>Gro\u00dfe Friedberger Str. 30<br \/>60313 Frankfurt am Main<\/p>\n<p style=\"text-align: left;\"><strong>Fachgebiete:\u00a0<\/strong>Wirtschaft, Kultur, Recht, Industrie, Politik<br \/><span style=\"font-size: smaller;\">Erziehung, Bildung, Familienrecht, Strafrecht, Urkunden, Gesundheitswesen, Waffenwesen<\/span><\/p>\n<p>T: <a href=\"tel:+496915048488\">+49 (0)69 15048488<\/a><\/p>\n<p>M: <a href=\"tel:+4916094436655\">+49 (0)160 94436655<\/a><\/p>\n<a href=\"mailto:k&#97;&#116;a&#114;&#122;y&#110;a&#46;r&#105;&#116;&#115;che&#108;&#64;&#119;&#101;&#98;&#46;d&#101;\">&#107;a&#116;ar&#122;&#121;&#110;a&#46;&#114;&#105;&#116;&#115;chel&#64;&#119;&#101;&#98;&#46;d&#101;<\/a>\n<p>[\/et_pb_text][\/et_pb_column_inner][et_pb_column_inner type=\u00a0\u00bb1_3&Prime; saved_specialty_column_type=\u00a0\u00bb3_4&Prime; module_class=\u00a0\u00bbperson\u00a0\u00bb _builder_version=\u00a0\u00bb4.16&Prime; _module_preset=\u00a0\u00bbdefault\u00a0\u00bb background_color=\u00a0\u00bb#FFFFFF\u00a0\u00bb border_color_all=\u00a0\u00bb#00abae\u00a0\u00bb border_width_top=\u00a0\u00bb0px\u00a0\u00bb global_colors_info=\u00a0\u00bb{}\u00a0\u00bb][\/et_pb_column_inner][\/et_pb_row_inner][et_pb_row_inner disabled_on=\u00a0\u00bboff|off|on\u00a0\u00bb admin_label=\u00a0\u00bbMobil\u00a0\u00bb _builder_version=\u00a0\u00bb4.16&Prime; _module_preset=\u00a0\u00bbdefault\u00a0\u00bb global_colors_info=\u00a0\u00bb{}\u00a0\u00bb][et_pb_column_inner saved_specialty_column_type=\u00a0\u00bb3_4&Prime; _builder_version=\u00a0\u00bb4.16&Prime; _module_preset=\u00a0\u00bbdefault\u00a0\u00bb global_colors_info=\u00a0\u00bb{}\u00a0\u00bb][et_pb_text disabled_on=\u00a0\u00bboff|off|on\u00a0\u00bb admin_label=\u00a0\u00bb\u00dcberschrift Kontakt Regionalgruppenleitung\u00a0\u00bb _builder_version=\u00a0\u00bb4.16&Prime; _module_preset=\u00a0\u00bbdefault\u00a0\u00bb text_text_color=\u00a0\u00bb#FFFFFF\u00a0\u00bb header_2_text_color=\u00a0\u00bb#FFFFFF\u00a0\u00bb header_3_font=\u00a0\u00bb|600|||||||\u00a0\u00bb header_3_font_size=\u00a0\u00bb18px\u00a0\u00bb header_4_font=\u00a0\u00bb|600|||||||\u00a0\u00bb header_4_font_size=\u00a0\u00bb16px\u00a0\u00bb header_5_font=\u00a0\u00bb|600|||||||\u00a0\u00bb background_color=\u00a0\u00bb#edeff0&Prime; text_orientation=\u00a0\u00bbcenter\u00a0\u00bb custom_margin=\u00a0\u00bb||0px||false|false\u00a0\u00bb custom_padding=\u00a0\u00bb10px|5px|0px|5px|false|false\u00a0\u00bb link_option_url=\u00a0\u00bbhttps:\/\/frankfurt.bdue-hessen.de\/fr\/felicitas-maria-kraut\/\u00a0\u00bb border_color_all=\u00a0\u00bbRGBA(0,0,0,0)\u00a0\u00bb global_colors_info=\u00a0\u00bb{}\u00a0\u00bb]<\/p>\n<h5>Contact Responsable du groupe r\u00e9gional<\/h5>\n<p>[\/et_pb_text][et_pb_text disabled_on=\u00a0\u00bboff|off|on\u00a0\u00bb admin_label=\u00a0\u00bbText Ansprechpartner\u00a0\u00bb _builder_version=\u00a0\u00bb4.16&Prime; _module_preset=\u00a0\u00bbdefault\u00a0\u00bb text_font=\u00a0\u00bb||||||||\u00a0\u00bb text_font_size=\u00a0\u00bb15px\u00a0\u00bb text_line_height=\u00a0\u00bb1.3em\u00a0\u00bb header_6_font=\u00a0\u00bbicons||||||||\u00a0\u00bb custom_padding=\u00a0\u00bb5px|5px|5px|5px|false|false\u00a0\u00bb border_width_right=\u00a0\u00bb3px\u00a0\u00bb border_color_right=\u00a0\u00bb#edeff0&Prime; border_width_bottom=\u00a0\u00bb3px\u00a0\u00bb border_color_bottom=\u00a0\u00bb#edeff0&Prime; border_width_left=\u00a0\u00bb3px\u00a0\u00bb border_color_left=\u00a0\u00bb#edeff0&Prime; global_colors_info=\u00a0\u00bb{}\u00a0\u00bb]<\/p>\n<p>Votre interlocutrice pour les traducteurs et les interpr\u00e8tes qui souhaitent visiter notre groupe r\u00e9gional:<\/p>\n<p><strong>Felicitas Kraut<\/strong><\/p>\n<p style=\"text-align: left;\"><a href=\"tel:+496991507550\" title=\"Felicitas Kraut anrufen\">+49 (0)69 91507550<\/a><\/p>\n<p style=\"text-align: left;\"><a href=\"mailto:k&#114;a&#117;&#116;&#64;bdue&#46;d&#101;\">&#107;&#114;&#97;&#117;t&#64;bd&#117;e&#46;d&#101;<\/a><\/p>\n<p>[\/et_pb_text][\/et_pb_column_inner][\/et_pb_row_inner][et_pb_row_inner custom_padding_last_edited=\u00a0\u00bbon|phone\u00a0\u00bb disabled_on=\u00a0\u00bboff|off|on\u00a0\u00bb _builder_version=\u00a0\u00bb4.16&Prime; _module_preset=\u00a0\u00bbdefault\u00a0\u00bb width=\u00a0\u00bb100%\u00a0\u00bb module_alignment=\u00a0\u00bbleft\u00a0\u00bb custom_margin=\u00a0\u00bb||||false|false\u00a0\u00bb custom_padding=\u00a0\u00bb30px|50px|30px|50px|false|true\u00a0\u00bb custom_padding_tablet=\u00a0\u00bb30px|50px|30px|50px|false|true\u00a0\u00bb custom_padding_phone=\u00a0\u00bb|10px|0px|10px|false|true\u00a0\u00bb module_alignment_tablet=\u00a0\u00bbcenter\u00a0\u00bb module_alignment_phone=\u00a0\u00bbcenter\u00a0\u00bb module_alignment_last_edited=\u00a0\u00bbon|tablet\u00a0\u00bb global_colors_info=\u00a0\u00bb{}\u00a0\u00bb][et_pb_column_inner _builder_version=\u00a0\u00bb4.16&Prime; _module_preset=\u00a0\u00bbdefault\u00a0\u00bb background_last_edited=\u00a0\u00bbon|phone\u00a0\u00bb background_enable_color_phone=\u00a0\u00bboff\u00a0\u00bb global_colors_info=\u00a0\u00bb{}\u00a0\u00bb][et_pb_search placeholder=\u00a0\u00bbEntrez un terme de recherche\u00a0\u00bb placeholder_color=\u00a0\u00bb#999999&Prime; disabled_on=\u00a0\u00bboff|off|on\u00a0\u00bb admin_label=\u00a0\u00bbSuche mobil\u00a0\u00bb module_id=\u00a0\u00bbsuche\u00a0\u00bb module_class=\u00a0\u00bbsearchfield\u00a0\u00bb _builder_version=\u00a0\u00bb4.16&Prime; _module_preset=\u00a0\u00bbdefault\u00a0\u00bb form_field_background_color=\u00a0\u00bb#FFFFFF\u00a0\u00bb form_field_focus_background_color=\u00a0\u00bb#FFFFFF\u00a0\u00bb button_font_size=\u00a0\u00bb0px\u00a0\u00bb background_color=\u00a0\u00bbRGBA(0,0,0,0)\u00a0\u00bb width_tablet=\u00a0\u00bb\u00a0\u00bb width_phone=\u00a0\u00bb\u00a0\u00bb width_last_edited=\u00a0\u00bbon|phone\u00a0\u00bb module_alignment=\u00a0\u00bbcenter\u00a0\u00bb custom_margin=\u00a0\u00bb||||false|false\u00a0\u00bb custom_margin_tablet=\u00a0\u00bb80px|50px|30px|50px|false|true\u00a0\u00bb custom_margin_phone=\u00a0\u00bb80px|10px||10px|false|true\u00a0\u00bb custom_margin_last_edited=\u00a0\u00bbon|phone\u00a0\u00bb custom_padding_tablet=\u00a0\u00bb|||3em|false|false\u00a0\u00bb custom_padding_phone=\u00a0\u00bb0.715em|0.71em|0.715em|3em|false|false\u00a0\u00bb custom_padding_last_edited=\u00a0\u00bbon|phone\u00a0\u00bb custom_css_button=\u00a0\u00bbbackground:#eaeaea;\u00a0\u00bb border_width_all=\u00a0\u00bb0px\u00a0\u00bb border_width_bottom=\u00a0\u00bb1px\u00a0\u00bb border_color_bottom=\u00a0\u00bb#eaeaea\u00a0\u00bb border_color_all_tablet=\u00a0\u00bb\u00a0\u00bb border_color_all_phone=\u00a0\u00bb\u00a0\u00bb border_color_all_last_edited=\u00a0\u00bbon|tablet\u00a0\u00bb global_colors_info=\u00a0\u00bb{}\u00a0\u00bb][\/et_pb_search][\/et_pb_column_inner][\/et_pb_row_inner][\/et_pb_column][\/et_pb_section][et_pb_section fb_built=\u00a0\u00bb1&Prime; custom_padding_last_edited=\u00a0\u00bbon|phone\u00a0\u00bb admin_label=\u00a0\u00bbsection\u00a0\u00bb _builder_version=\u00a0\u00bb4.23.1&Prime; _module_preset=\u00a0\u00bbdefault\u00a0\u00bb background_color=\u00a0\u00bbRGBA(0,0,0,0)\u00a0\u00bb background_image=\u00a0\u00bbhttps:\/\/frankfurt.bdue-hessen.de\/wp-content\/uploads\/sites\/3\/2021\/05\/footer.png\u00a0\u00bb background_enable_image=\u00a0\u00bboff\u00a0\u00bb background_size=\u00a0\u00bbinitial\u00a0\u00bb background_position=\u00a0\u00bbbottom_center\u00a0\u00bb min_height=\u00a0\u00bb181.4px\u00a0\u00bb custom_margin=\u00a0\u00bb0px||||false|false\u00a0\u00bb custom_margin_tablet=\u00a0\u00bb||||false|false\u00a0\u00bb custom_margin_phone=\u00a0\u00bb100px||0px||false|false\u00a0\u00bb custom_margin_last_edited=\u00a0\u00bbon|phone\u00a0\u00bb custom_padding=\u00a0\u00bb0px||||false|false\u00a0\u00bb custom_padding_tablet=\u00a0\u00bb||||false|false\u00a0\u00bb custom_padding_phone=\u00a0\u00bb0px||0px||false|false\u00a0\u00bb background_color_tablet=\u00a0\u00bbRGBA(255,255,255,0)\u00a0\u00bb background_color_phone=\u00a0\u00bbRGBA(0,0,0,0)\u00a0\u00bb background_last_edited=\u00a0\u00bbon|tablet\u00a0\u00bb background_enable_color_tablet=\u00a0\u00bbon\u00a0\u00bb background_enable_color_phone=\u00a0\u00bbon\u00a0\u00bb background_image_tablet=\u00a0\u00bbhttps:\/\/frankfurt.bdue-hessen.de\/wp-content\/uploads\/sites\/3\/2021\/05\/footer.png\u00a0\u00bb background_image_phone=\u00a0\u00bbhttps:\/\/frankfurt.bdue-hessen.de\/wp-content\/uploads\/sites\/3\/2021\/05\/footer.png\u00a0\u00bb background_enable_image_tablet=\u00a0\u00bboff\u00a0\u00bb background_enable_image_phone=\u00a0\u00bbon\u00a0\u00bb parallax_phone=\u00a0\u00bboff\u00a0\u00bb background_size_tablet=\u00a0\u00bbinitial\u00a0\u00bb background_size_phone=\u00a0\u00bbcover\u00a0\u00bb background_position_phone=\u00a0\u00bbbottom_center\u00a0\u00bb global_module=\u00a0\u00bb20918&Prime; saved_tabs=\u00a0\u00bball\u00a0\u00bb global_colors_info=\u00a0\u00bb{}\u00a0\u00bb][et_pb_row use_custom_gutter=\u00a0\u00bbon\u00a0\u00bb gutter_width=\u00a0\u00bb2&Prime; make_equal=\u00a0\u00bbon\u00a0\u00bb custom_padding_last_edited=\u00a0\u00bbon|desktop\u00a0\u00bb _builder_version=\u00a0\u00bb4.23.1&Prime; _module_preset=\u00a0\u00bbdefault\u00a0\u00bb background_color=\u00a0\u00bbRGBA(0,0,0,0)\u00a0\u00bb background_enable_image=\u00a0\u00bboff\u00a0\u00bb width=\u00a0\u00bb100%\u00a0\u00bb width_tablet=\u00a0\u00bb100%\u00a0\u00bb width_phone=\u00a0\u00bb100%\u00a0\u00bb width_last_edited=\u00a0\u00bbon|tablet\u00a0\u00bb module_alignment=\u00a0\u00bbcenter\u00a0\u00bb custom_margin=\u00a0\u00bb||||false|false\u00a0\u00bb custom_margin_tablet=\u00a0\u00bb60px||||false|false\u00a0\u00bb custom_margin_phone=\u00a0\u00bb0px|0px|0px|0px|false|true\u00a0\u00bb custom_margin_last_edited=\u00a0\u00bbon|tablet\u00a0\u00bb custom_padding=\u00a0\u00bb10px|11px|0px|11px|false|true\u00a0\u00bb custom_padding_tablet=\u00a0\u00bb0px||10px||false|false\u00a0\u00bb custom_padding_phone=\u00a0\u00bb0px||10px||false|false\u00a0\u00bb background_color_tablet=\u00a0\u00bbRGBA(255,255,255,0)\u00a0\u00bb background_last_edited=\u00a0\u00bbon|tablet\u00a0\u00bb background_enable_color_tablet=\u00a0\u00bbon\u00a0\u00bb background_enable_color_phone=\u00a0\u00bboff\u00a0\u00bb global_colors_info=\u00a0\u00bb{}\u00a0\u00bb][et_pb_column type=\u00a0\u00bb4_4&Prime; _builder_version=\u00a0\u00bb4.16&Prime; _module_preset=\u00a0\u00bbdefault\u00a0\u00bb custom_padding_tablet=\u00a0\u00bb\u00a0\u00bb custom_padding_phone=\u00a0\u00bb||||false|false\u00a0\u00bb custom_padding_last_edited=\u00a0\u00bbon|phone\u00a0\u00bb global_colors_info=\u00a0\u00bb{}\u00a0\u00bb][et_pb_text admin_label=\u00a0\u00bbFooter Adresse\u00a0\u00bb module_class=\u00a0\u00bbfooter-adresse\u00a0\u00bb _builder_version=\u00a0\u00bb4.23.1&Prime; _module_preset=\u00a0\u00bbdefault\u00a0\u00bb background_enable_color=\u00a0\u00bboff\u00a0\u00bb custom_margin=\u00a0\u00bb0px||||false|false\u00a0\u00bb custom_margin_tablet=\u00a0\u00bb0px||||false|false\u00a0\u00bb custom_margin_phone=\u00a0\u00bb100px||0px||false|false\u00a0\u00bb custom_margin_last_edited=\u00a0\u00bbon|phone\u00a0\u00bb custom_padding=\u00a0\u00bb||0px||false|false\u00a0\u00bb background_color_tablet=\u00a0\u00bbRGBA(0,0,0,0)\u00a0\u00bb background_last_edited=\u00a0\u00bbon|desktop\u00a0\u00bb background_enable_color_tablet=\u00a0\u00bbon\u00a0\u00bb global_colors_info=\u00a0\u00bb{}\u00a0\u00bb]<\/p>\n<p>Bundesverband der Dolmetscher und \u00dcbersetzer (BD\u00dc) Landesverband Hessen e.V. | Groupe r\u00e9gional de Francfort<\/p>\n<p>Bureau central du BD\u00dc Hessen:<br \/>Blankenheimer Stra\u00dfe 46 | 60529 Frankfurt am Main | T\u00e9l\u00e9phone: <a href=\"tel:+496983831454 \">+49 (0)69 83 83 14 54 <\/a>\u00a0| <a href=\"mailto:&#104;e&#64;b&#100;&#117;&#101;.de\">&#104;e&#64;bd&#117;&#101;&#46;&#100;e<\/a><\/p>\n<p>[\/et_pb_text][et_pb_text admin_label=\u00a0\u00bbLinks AGB | Impressum | Datenschutz\u00a0\u00bb _builder_version=\u00a0\u00bb4.23.1&Prime; _module_preset=\u00a0\u00bbdefault\u00a0\u00bb background_color=\u00a0\u00bbRGBA(0,0,0,0)\u00a0\u00bb custom_margin=\u00a0\u00bb||||false|false\u00a0\u00bb custom_margin_tablet=\u00a0\u00bb||0px||false|false\u00a0\u00bb custom_margin_phone=\u00a0\u00bb||||false|false\u00a0\u00bb custom_margin_last_edited=\u00a0\u00bbon|tablet\u00a0\u00bb custom_padding=\u00a0\u00bb||20px||false|false\u00a0\u00bb custom_padding_tablet=\u00a0\u00bb||||false|false\u00a0\u00bb custom_padding_phone=\u00a0\u00bb||0px||false|false\u00a0\u00bb custom_padding_last_edited=\u00a0\u00bbon|phone\u00a0\u00bb background_last_edited=\u00a0\u00bbon|phone\u00a0\u00bb background_enable_color_phone=\u00a0\u00bboff\u00a0\u00bb global_colors_info=\u00a0\u00bb{}\u00a0\u00bb]<\/p>\n<p><a href=\"Conditions-dutilisation\">Conditions d\u2019utilisation (CG)<\/a> | <a href=\"mentions-legales\">Mentions l\u00e9gales<\/a> | <a href=\"politique-de-confidentialite\">Politique de confidentialit\u00e9<\/a><\/p>\n<p>[\/et_pb_text][et_pb_text admin_label=\u00a0\u00bbCopyright \u00a0\u00bb _builder_version=\u00a0\u00bb4.23.1&Prime; _module_preset=\u00a0\u00bbdefault\u00a0\u00bb custom_margin=\u00a0\u00bb||0px||false|false\u00a0\u00bb custom_padding=\u00a0\u00bb||0px||false|false\u00a0\u00bb global_colors_info=\u00a0\u00bb{}\u00a0\u00bb]\u00a9 2026 | Tous droits r\u00e9serv\u00e9s[\/et_pb_text][\/et_pb_column][\/et_pb_row][\/et_pb_section]<\/p>\n","protected":false},"excerpt":{"rendered":"<p>&#8211; Bernd Kohrmann, Dipl. \u00dcbersetzer,<br \/>\nDipl. Betriebswirt (FH)<br \/>\n&#8211; Dr. Jochen Pl\u00f6tz, \u00dcbersetzer &#038; Dolmetscher<\/p>\n","protected":false},"author":1,"featured_media":0,"parent":0,"menu_order":50,"comment_status":"closed","ping_status":"closed","template":"","meta":{"_et_pb_use_builder":"on","_et_pb_old_content":"","_et_gb_content_width":"","footnotes":""},"class_list":["post-24208","page","type-page","status-publish","hentry"],"yoast_head":"<!-- This site is optimized with the Yoast SEO plugin v26.8 - https:\/\/yoast.com\/product\/yoast-seo-wordpress\/ -->\n<title>Espagnol &#8211; Regionalgruppe Frankfurt-Main des BD\u00dc Hessen<\/title>\n<meta name=\"description\" content=\"&#8211;\" \/>\n<meta name=\"robots\" content=\"index, follow, max-snippet:-1, max-image-preview:large, max-video-preview:-1\" \/>\n<link rel=\"canonical\" href=\"https:\/\/frankfurt.bdue-hessen.de\/fr\/sprachangebot-spanisch\/\" \/>\n<meta property=\"og:locale\" content=\"fr_FR\" \/>\n<meta property=\"og:type\" content=\"article\" \/>\n<meta property=\"og:title\" content=\"Espagnol &#8211; Regionalgruppe Frankfurt-Main des BD\u00dc Hessen\" \/>\n<meta property=\"og:description\" content=\"&#8211;\" \/>\n<meta property=\"og:url\" content=\"https:\/\/frankfurt.bdue-hessen.de\/fr\/sprachangebot-spanisch\/\" \/>\n<meta property=\"og:site_name\" content=\"Regionalgruppe Frankfurt-Main des BD\u00dc Hessen\" \/>\n<meta property=\"article:publisher\" content=\"https:\/\/www.facebook.com\/BDUeeV\/\" \/>\n<meta property=\"article:modified_time\" content=\"2024-03-14T14:55:04+00:00\" \/>\n<meta property=\"og:image\" content=\"https:\/\/frankfurt.bdue-hessen.de\/wp-content\/uploads\/sites\/3\/2024\/01\/Margit-Bierwirth_140x160.jpg\" \/>\n<meta name=\"twitter:card\" content=\"summary_large_image\" \/>\n<meta name=\"twitter:site\" content=\"@Bdue_Hessen\" \/>\n<meta name=\"twitter:label1\" content=\"Dur\u00e9e de lecture estim\u00e9e\" \/>\n\t<meta name=\"twitter:data1\" content=\"19 minutes\" \/>\n<script type=\"application\/ld+json\" class=\"yoast-schema-graph\">{\"@context\":\"https:\/\/schema.org\",\"@graph\":[{\"@type\":\"WebPage\",\"@id\":\"https:\/\/frankfurt.bdue-hessen.de\/fr\/sprachangebot-spanisch\/\",\"url\":\"https:\/\/frankfurt.bdue-hessen.de\/fr\/sprachangebot-spanisch\/\",\"name\":\"Espagnol &#8211; Regionalgruppe Frankfurt-Main des BD\u00dc Hessen\",\"isPartOf\":{\"@id\":\"https:\/\/frankfurt.bdue-hessen.de\/fr\/#website\"},\"primaryImageOfPage\":{\"@id\":\"https:\/\/frankfurt.bdue-hessen.de\/fr\/sprachangebot-spanisch\/#primaryimage\"},\"image\":{\"@id\":\"https:\/\/frankfurt.bdue-hessen.de\/fr\/sprachangebot-spanisch\/#primaryimage\"},\"thumbnailUrl\":\"https:\/\/frankfurt.bdue-hessen.de\/wp-content\/uploads\/sites\/3\/2024\/01\/Margit-Bierwirth_140x160.jpg\",\"datePublished\":\"2023-08-29T12:37:35+00:00\",\"dateModified\":\"2024-03-14T14:55:04+00:00\",\"description\":\"&#8211;\",\"breadcrumb\":{\"@id\":\"https:\/\/frankfurt.bdue-hessen.de\/fr\/sprachangebot-spanisch\/#breadcrumb\"},\"inLanguage\":\"fr-FR\",\"potentialAction\":[{\"@type\":\"ReadAction\",\"target\":[\"https:\/\/frankfurt.bdue-hessen.de\/fr\/sprachangebot-spanisch\/\"]}]},{\"@type\":\"ImageObject\",\"inLanguage\":\"fr-FR\",\"@id\":\"https:\/\/frankfurt.bdue-hessen.de\/fr\/sprachangebot-spanisch\/#primaryimage\",\"url\":\"https:\/\/frankfurt.bdue-hessen.de\/wp-content\/uploads\/sites\/3\/2024\/01\/Margit-Bierwirth_140x160.jpg\",\"contentUrl\":\"https:\/\/frankfurt.bdue-hessen.de\/wp-content\/uploads\/sites\/3\/2024\/01\/Margit-Bierwirth_140x160.jpg\"},{\"@type\":\"BreadcrumbList\",\"@id\":\"https:\/\/frankfurt.bdue-hessen.de\/fr\/sprachangebot-spanisch\/#breadcrumb\",\"itemListElement\":[{\"@type\":\"ListItem\",\"position\":1,\"name\":\"Startseite\",\"item\":\"https:\/\/frankfurt.bdue-hessen.de\/fr\/traduction-et-interpretation-le-groupe-regional-bdue-de-francfort-sur-le-main\/\"},{\"@type\":\"ListItem\",\"position\":2,\"name\":\"Espagnol\"}]},{\"@type\":\"WebSite\",\"@id\":\"https:\/\/frankfurt.bdue-hessen.de\/fr\/#website\",\"url\":\"https:\/\/frankfurt.bdue-hessen.de\/fr\/\",\"name\":\"Regionalgruppe Frankfurt am Main des BD\u00dc Hessen\",\"description\":\"BD\u00dc Hessen e.V. Regionalgruppen-Website\",\"publisher\":{\"@id\":\"https:\/\/frankfurt.bdue-hessen.de\/fr\/#organization\"},\"alternateName\":\"BD\u00dc Hessen RG Frankfurt\",\"potentialAction\":[{\"@type\":\"SearchAction\",\"target\":{\"@type\":\"EntryPoint\",\"urlTemplate\":\"https:\/\/frankfurt.bdue-hessen.de\/fr\/?s={search_term_string}\"},\"query-input\":{\"@type\":\"PropertyValueSpecification\",\"valueRequired\":true,\"valueName\":\"search_term_string\"}}],\"inLanguage\":\"fr-FR\"},{\"@type\":\"Organization\",\"@id\":\"https:\/\/frankfurt.bdue-hessen.de\/fr\/#organization\",\"name\":\"BD\u00dc Hessen e.V. Regionalgruppe Frankfurt am Main\",\"alternateName\":\"BD\u00dc Hessen RG Frankfurt\",\"url\":\"https:\/\/frankfurt.bdue-hessen.de\/fr\/\",\"logo\":{\"@type\":\"ImageObject\",\"inLanguage\":\"fr-FR\",\"@id\":\"https:\/\/frankfurt.bdue-hessen.de\/fr\/#\/schema\/logo\/image\/\",\"url\":\"https:\/\/frankfurt.bdue-hessen.de\/wp-content\/uploads\/sites\/3\/2022\/11\/cropped-favicon-bdue-hessen.png\",\"contentUrl\":\"https:\/\/frankfurt.bdue-hessen.de\/wp-content\/uploads\/sites\/3\/2022\/11\/cropped-favicon-bdue-hessen.png\",\"width\":512,\"height\":512,\"caption\":\"BD\u00dc Hessen e.V. Regionalgruppe Frankfurt am Main\"},\"image\":{\"@id\":\"https:\/\/frankfurt.bdue-hessen.de\/fr\/#\/schema\/logo\/image\/\"},\"sameAs\":[\"https:\/\/www.facebook.com\/BDUeeV\/\",\"https:\/\/x.com\/Bdue_Hessen\",\"https:\/\/www.linkedin.com\/company\/bdue-hessen\/\"]}]}<\/script>\n<!-- \/ Yoast SEO plugin. -->","yoast_head_json":{"title":"Espagnol &#8211; Regionalgruppe Frankfurt-Main des BD\u00dc Hessen","description":"&#8211;","robots":{"index":"index","follow":"follow","max-snippet":"max-snippet:-1","max-image-preview":"max-image-preview:large","max-video-preview":"max-video-preview:-1"},"canonical":"https:\/\/frankfurt.bdue-hessen.de\/fr\/sprachangebot-spanisch\/","og_locale":"fr_FR","og_type":"article","og_title":"Espagnol &#8211; Regionalgruppe Frankfurt-Main des BD\u00dc Hessen","og_description":"&#8211;","og_url":"https:\/\/frankfurt.bdue-hessen.de\/fr\/sprachangebot-spanisch\/","og_site_name":"Regionalgruppe Frankfurt-Main des BD\u00dc Hessen","article_publisher":"https:\/\/www.facebook.com\/BDUeeV\/","article_modified_time":"2024-03-14T14:55:04+00:00","og_image":[{"url":"https:\/\/frankfurt.bdue-hessen.de\/wp-content\/uploads\/sites\/3\/2024\/01\/Margit-Bierwirth_140x160.jpg","type":"","width":"","height":""}],"twitter_card":"summary_large_image","twitter_site":"@Bdue_Hessen","twitter_misc":{"Dur\u00e9e de lecture estim\u00e9e":"19 minutes"},"schema":{"@context":"https:\/\/schema.org","@graph":[{"@type":"WebPage","@id":"https:\/\/frankfurt.bdue-hessen.de\/fr\/sprachangebot-spanisch\/","url":"https:\/\/frankfurt.bdue-hessen.de\/fr\/sprachangebot-spanisch\/","name":"Espagnol &#8211; Regionalgruppe Frankfurt-Main des BD\u00dc Hessen","isPartOf":{"@id":"https:\/\/frankfurt.bdue-hessen.de\/fr\/#website"},"primaryImageOfPage":{"@id":"https:\/\/frankfurt.bdue-hessen.de\/fr\/sprachangebot-spanisch\/#primaryimage"},"image":{"@id":"https:\/\/frankfurt.bdue-hessen.de\/fr\/sprachangebot-spanisch\/#primaryimage"},"thumbnailUrl":"https:\/\/frankfurt.bdue-hessen.de\/wp-content\/uploads\/sites\/3\/2024\/01\/Margit-Bierwirth_140x160.jpg","datePublished":"2023-08-29T12:37:35+00:00","dateModified":"2024-03-14T14:55:04+00:00","description":"&#8211;","breadcrumb":{"@id":"https:\/\/frankfurt.bdue-hessen.de\/fr\/sprachangebot-spanisch\/#breadcrumb"},"inLanguage":"fr-FR","potentialAction":[{"@type":"ReadAction","target":["https:\/\/frankfurt.bdue-hessen.de\/fr\/sprachangebot-spanisch\/"]}]},{"@type":"ImageObject","inLanguage":"fr-FR","@id":"https:\/\/frankfurt.bdue-hessen.de\/fr\/sprachangebot-spanisch\/#primaryimage","url":"https:\/\/frankfurt.bdue-hessen.de\/wp-content\/uploads\/sites\/3\/2024\/01\/Margit-Bierwirth_140x160.jpg","contentUrl":"https:\/\/frankfurt.bdue-hessen.de\/wp-content\/uploads\/sites\/3\/2024\/01\/Margit-Bierwirth_140x160.jpg"},{"@type":"BreadcrumbList","@id":"https:\/\/frankfurt.bdue-hessen.de\/fr\/sprachangebot-spanisch\/#breadcrumb","itemListElement":[{"@type":"ListItem","position":1,"name":"Startseite","item":"https:\/\/frankfurt.bdue-hessen.de\/fr\/traduction-et-interpretation-le-groupe-regional-bdue-de-francfort-sur-le-main\/"},{"@type":"ListItem","position":2,"name":"Espagnol"}]},{"@type":"WebSite","@id":"https:\/\/frankfurt.bdue-hessen.de\/fr\/#website","url":"https:\/\/frankfurt.bdue-hessen.de\/fr\/","name":"Regionalgruppe Frankfurt am Main des BD\u00dc Hessen","description":"BD\u00dc Hessen e.V. Regionalgruppen-Website","publisher":{"@id":"https:\/\/frankfurt.bdue-hessen.de\/fr\/#organization"},"alternateName":"BD\u00dc Hessen RG Frankfurt","potentialAction":[{"@type":"SearchAction","target":{"@type":"EntryPoint","urlTemplate":"https:\/\/frankfurt.bdue-hessen.de\/fr\/?s={search_term_string}"},"query-input":{"@type":"PropertyValueSpecification","valueRequired":true,"valueName":"search_term_string"}}],"inLanguage":"fr-FR"},{"@type":"Organization","@id":"https:\/\/frankfurt.bdue-hessen.de\/fr\/#organization","name":"BD\u00dc Hessen e.V. Regionalgruppe Frankfurt am Main","alternateName":"BD\u00dc Hessen RG Frankfurt","url":"https:\/\/frankfurt.bdue-hessen.de\/fr\/","logo":{"@type":"ImageObject","inLanguage":"fr-FR","@id":"https:\/\/frankfurt.bdue-hessen.de\/fr\/#\/schema\/logo\/image\/","url":"https:\/\/frankfurt.bdue-hessen.de\/wp-content\/uploads\/sites\/3\/2022\/11\/cropped-favicon-bdue-hessen.png","contentUrl":"https:\/\/frankfurt.bdue-hessen.de\/wp-content\/uploads\/sites\/3\/2022\/11\/cropped-favicon-bdue-hessen.png","width":512,"height":512,"caption":"BD\u00dc Hessen e.V. Regionalgruppe Frankfurt am Main"},"image":{"@id":"https:\/\/frankfurt.bdue-hessen.de\/fr\/#\/schema\/logo\/image\/"},"sameAs":["https:\/\/www.facebook.com\/BDUeeV\/","https:\/\/x.com\/Bdue_Hessen","https:\/\/www.linkedin.com\/company\/bdue-hessen\/"]}]}},"_links":{"self":[{"href":"https:\/\/frankfurt.bdue-hessen.de\/fr\/wp-json\/wp\/v2\/pages\/24208","targetHints":{"allow":["GET"]}}],"collection":[{"href":"https:\/\/frankfurt.bdue-hessen.de\/fr\/wp-json\/wp\/v2\/pages"}],"about":[{"href":"https:\/\/frankfurt.bdue-hessen.de\/fr\/wp-json\/wp\/v2\/types\/page"}],"author":[{"embeddable":true,"href":"https:\/\/frankfurt.bdue-hessen.de\/fr\/wp-json\/wp\/v2\/users\/1"}],"replies":[{"embeddable":true,"href":"https:\/\/frankfurt.bdue-hessen.de\/fr\/wp-json\/wp\/v2\/comments?post=24208"}],"version-history":[{"count":42,"href":"https:\/\/frankfurt.bdue-hessen.de\/fr\/wp-json\/wp\/v2\/pages\/24208\/revisions"}],"predecessor-version":[{"id":28599,"href":"https:\/\/frankfurt.bdue-hessen.de\/fr\/wp-json\/wp\/v2\/pages\/24208\/revisions\/28599"}],"wp:attachment":[{"href":"https:\/\/frankfurt.bdue-hessen.de\/fr\/wp-json\/wp\/v2\/media?parent=24208"}],"curies":[{"name":"wp","href":"https:\/\/api.w.org\/{rel}","templated":true}]}}